{"id":510,"date":"2014-04-20T17:40:07","date_gmt":"2014-04-20T17:40:07","guid":{"rendered":"https:\/\/amigosdeltercertercio.com\/web\/?page_id=510"},"modified":"2014-04-21T16:18:34","modified_gmt":"2014-04-21T16:18:34","slug":"la-ix-en-la-operacion-teide","status":"publish","type":"page","link":"https:\/\/amigosdeltercertercio.com\/web\/la-ix-en-la-operacion-teide\/","title":{"rendered":"La IX en la Operaci\u00f3n \u00abTEIDE\u00bb"},"content":{"rendered":"<p align=\"center\"><span style=\"font-family: Tahoma;\">LA 3 C\u00cdA Y IX BRA EN EL CONFLICTO DE IFNI-SAHARA, 1956-1958<\/span><\/p>\n<p align=\"center\">\n<p align=\"JUSTIFY\"><strong>LA IX EN LA OPERACI\u00d3N \u00abTEIDE\u00bb<\/strong><\/p>\n<p align=\"JUSTIFY\">Las Directivas de H\u00e9ctor V\u00e1zquez<\/p>\n<p align=\"JUSTIFY\"><span style=\"font-family: 'Trebuchet MS'; font-size: large;\"><i>Rafael Casas <\/i>en <i>la \u00faltima guerra de Africa <\/i>nos describe as\u00ed la <\/span> <i><span style=\"font-family: 'Trebuchet MS'; font-size: large;\">Operaci\u00f3n Teide:<\/span><\/i><\/p>\n<blockquote><p><i> <\/i><\/p>\n<blockquote><p><i> <\/i><\/p>\n<p align=\"JUSTIFY\">\u00abEl General H\u00e9ctor V\u00e1zquez hab\u00eda firmado ya en el <i>Aai\u00fan<\/i>, el 27 de enero, unas directivas para sus fuerzas con la denominaci\u00f3n de Operaci\u00f3n <i>Teide<\/i>. Tras el bombardeo, en el d\u00eda D se iniciar\u00eda la primera fase. Se concretaba cual hab\u00eda de ser su finalidad: destrucci\u00f3n del enemigo en las zonas de <i>Edchera<\/i> y <i>Tafudart <\/i>y ocupaci\u00f3n de <i>Smara<\/i> y de los pasos de la <i>Saguia en Edchera<\/i> y <i>Sidi Ahmed Laarosi.<\/i> Y se se\u00f1alaba la duraci\u00f3n prevista, diez d\u00edas. La segunda fase tendr\u00eda dos partes. La primera ser\u00eda la limpieza de la zona norte; la segunda, la destrucci\u00f3n del enemigo en la zona sur y la ocupaci\u00f3n de los decisivos puestos de <i>Bir Enzaran <\/i>y <i>Auserd<\/i> en combinaci\u00f3n con los franceses. Todo ello con una duraci\u00f3n prevista de cinco d\u00edas, de D + 10 a D + 15. Se divid\u00eda la primera fase en dos tiempos. El primero, de <i>combate<\/i>; el segundo, de <i>explotaci\u00f3n.<\/i><\/p>\n<p align=\"JUSTIFY\">En el primer tiempo pensaba avanzar con una Agrupaci\u00f3n \u2013 <i>Agrupaci\u00f3n B<\/i> \u2013 desde <i>Daora<\/i> a <i>Asatef<\/i> para fijar desde el norte de la Saguia al enemigo que ocupaba <i>Tafudart<\/i>. Simult\u00e1neamente, otra Agrupaci\u00f3n, m\u00e1s fuerte \u2013 <i>Agrupaci\u00f3n A &#8211;<\/i>, se dirig\u00eda desde <i>el Aai\u00fan<\/i> a <i>Edchera <\/i>para destruir a las bandas que ocupaban esta posici\u00f3n y asegurar el paso de la Saguia en dicha zona. Ambas Agrupaciones deb\u00edan proteger su flanco descubierto.<\/p>\n<p align=\"JUSTIFY\">Para este primer tiempo la Agrupaci\u00f3n A estaba dividida en dos <i>Subagrupaciones: 1-A<\/i> <i>y 2-A<\/i>. La primera de ellas, compuesta por dos Banderas de la Legi\u00f3n (la IV y la XIII), el Grupo de Caballer\u00eda del Regimiento <i>Santiago<\/i> 1 y el Grupo de Artiller\u00eda del Regimiento 19. <i>La segunda (2-A),<\/i> por la <i>IX Bandera<\/i> de la Legi\u00f3n con refuerzos. Por su parte la Agrupaci\u00f3n B se compondr\u00e1 de la II Bandera de La Legi\u00f3n, el Batall\u00f3n Expedicionario del Regimiento <i>Guadalajara<\/i> 20, una Secci\u00f3n de morteros de 81 del Regimiento <i>San Fernando<\/i> 11 un Grupo de Caballer\u00eda del Regimiento <i>Pav\u00eda<\/i> 4.<\/p>\n<p align=\"JUSTIFY\">Terminada la primera fase se iniciar\u00eda la segunda con dos acciones distintas. Una de limpieza en el norte y otra de ataque a las concentraciones menores del sur. Para la primera se hab\u00eda dividido el territorio por el meridiano 12\u00ba. Al este del mismo actuar\u00edan los franceses; al oeste, los espa\u00f1oles. Para la segunda se esbozaban acciones convergentes desde el <i>Aai\u00fan <\/i>y <i>Fort Trinquet<\/i> sobre <i>Bir Enzaran<\/i> y desde <i>Villa Cisneros<\/i>, <i>Fort Goura<\/i>ud y <i>Port Etienne<\/i> sobre <i>Auserd.<\/i> Finalmente se daba una soluci\u00f3n al dif\u00edcil problema del abastecimiento en el desierto. Cada veh\u00edculo deb\u00eda llevar encima gasolina suficiente para recorrer 600 kil\u00f3metros y v\u00edveres, municiones y agua bastante para que su tripulaci\u00f3n pudiera combatir durante cinco d\u00edas sin recibir ayuda ajena. Esta providencia, simple en apariencia, fue suficiente para dar a las unidades una flexibilidad grande y una seguridad completa en sus posibilidades\u00bb.<\/p>\n<p><b> <\/b><\/p><\/blockquote>\n<p><b> <\/b><\/p><\/blockquote>\n<p align=\"JUSTIFY\">La Agrupaci\u00f3n Motorizada del Cte. Herrera<\/p>\n<p align=\"JUSTIFY\">El 10 de febrero, integrada en la <i>Subagrupaci\u00f3n A-2<\/i>, constituida para llevar a cabo la primera fase de la <i>Operaci\u00f3n Teide<\/i> en la regi\u00f3n norte, progres\u00f3 en 2\u00ba escal\u00f3n por la orilla sur de la <i>Saguia.<\/i> El objetivo de la Agrupaci\u00f3n era ocupar el paso de <i>Edchera <\/i>y, posteriormente, <i>Tafudart, <\/i>para continuar en direcci\u00f3n a <i>Smara.<\/i> La IX Bandera recibi\u00f3 orden de crear un punto de apoyo que asegurase el citado paso de Edchera. Aqu\u00ed tuvo lugar el <i>segundo combate de Edchera <\/i>que se describe m\u00e1s adelante. El d\u00eda 12 la 12\u00aa C\u00eda, que hab\u00eda quedado en <i>El Aai\u00fan<\/i>, fue embarcada en aviones para ser trasladada a <i>Smara<\/i> sobrevolando dicha poblaci\u00f3n sin poder tomar tierra a causa de las malas condiciones atmosf\u00e9ricas, regres\u00f3 a su punto de partida y se incorpor\u00f3 el d\u00eda 13 a la Bandera en Edchera. La Bandera efectu\u00f3 distintos reconocimientos por la <i>Sagui<\/i>a, regresando a <i>El Aai\u00fan <\/i>el d\u00eda 14 tras haber dejado el <i>punto de apoyo de Edchera<\/i> guarnecido por la 11\u00aa C\u00eda.<\/p>\n<p align=\"JUSTIFY\">La IX comenz\u00f3 a prepararse para intervenir en la segunda fase de la <i>Teide<\/i> con una serie de operaciones que se iban a iniciar inmediatamente en la regi\u00f3n sur de <i>R\u00edo de Oro<\/i>. En este sentido el d\u00eda 20 de febrero de 1958 se constituy\u00f3 una Agrupaci\u00f3n Motorizada que al mando del Comandante Herrera Sol\u00eds, Jefe de la IX Bandera, iba a intervenir en las citadas operaciones. Ten\u00eda la misi\u00f3n de avanzar en la direcci\u00f3n <i>El Aai\u00fan \u2013 Chel\u00faa &#8211; Bir Enzaran<\/i> para, una vez alcanzado este \u00faltimo punto, permanecer en \u00e9l hasta nueva orden, estando previsto luego continuar hasta <i>Aargub<\/i>. El n\u00facleo principal de la Agrupaci\u00f3n lo constitu\u00eda precisamente la IX Bandera que estaba motorizada, contando adem\u00e1s con un destacamento de Caballer\u00eda con jeeps, autoametralladoras ca\u00f1\u00f3n y ca\u00f1ones sin retroceso, una Secci\u00f3n de Artiller\u00eda y Secciones de Transmisiones, Intendencia, Sanidad m\u00e1s un destacamento de Automovilismo. Se llev\u00f3 gasolina para 600 Km., un m\u00f3dulo de municionamiento y 6 raciones de v\u00edveres.<\/p>\n<p align=\"JUSTIFY\">Dicho d\u00eda 20 parti\u00f3 de <i>El Aai\u00fan <\/i>la Agrupaci\u00f3n<i> Herrera<\/i> y en la primera jornada la vanguardia lleg\u00f3 a la zona de pozos de <i>Luyet Um Lahia<\/i> (sur del v\u00e9rtice <i>Aridal<\/i>) a 190 km. del punto de partida, sobre la pista <i>El Aai\u00fan \u2013 Aridal \u2013 Bir Enzaran<\/i>, sin encontrar enemigo. El d\u00eda 21 prosigui\u00f3 el avance hacia <i>Bir Enzaran<\/i>, a donde lleg\u00f3 despu\u00e9s de una marcha muy dura debido a las grandes dificultades que presentaba el terreno. El d\u00eda 22 de este mismo febrero recibi\u00f3 la orden de reconocer el macizo de <i>El Manhar <\/i>y <i>Carb Tichia<\/i>, establecer contacto con la <i>Agrupaci\u00f3n Villa Cisneros<\/i> sobre el <i>Uad Tennuaca<\/i>, as\u00ed como con las fuerzas francesas. Para estos contactos se lanzaron patrullas de Caballer\u00eda y para llevar a cabo el reconocimiento sobre <i>El Manhar<\/i> se constituyeron dos Subagrupaciones: La <i>Norte<\/i>, a base de la 13\u00aa C\u00eda, 1 Secci\u00f3n de ametralladoras y Pelot\u00f3n de M-81, Pelot\u00f3n de ca\u00f1ones sin retroceso y elementos de Caballer\u00eda. La Subagrupaci\u00f3n <i>Sur<\/i>, con las 11\u00aa y 14\u00aa C\u00edas, Secci\u00f3n de ametralladoras, 2 Pelotones de M-81, Secci\u00f3n de obuses de 105\/ 26 y elementos de Caballer\u00eda.<\/p>\n<p align=\"JUSTIFY\">A las 7 horas se emprendi\u00f3 la marcha para cumplimentar la misi\u00f3n con las dos columnas citadas, rodeando el macizo de <i>El Manhar,<\/i> efectu\u00e1ndose el enlace de ambas en el nacimiento del <i>Uad Fadrat Lahcheb<\/i> sin encontrar resistencia, captur\u00e1ndose algunos prisioneros y prosiguiendo al reconocimiento de la zona hasta que se recibi\u00f3 un radio del Mando en el que comunicaba que la <i>Agrupaci\u00f3n Villa Cisneros<\/i> estaba detenida al este de la <i>Sebja Tennuaca<\/i> y que las dos Subagrupaciones marchasen inmediatamente hacia la <i>Sebja<\/i> para contribuir a la destrucci\u00f3n del enemigo. Los d\u00edas 23 y 24, la Agrupaci\u00f3n <i>Herrera<\/i> despleg\u00f3 en amplio frente sobre el <i>Uad Tennuaca<\/i> para impedir la huida del enemigo que se hab\u00eda enfrentado muy duramente con la otra Agrupaci\u00f3n. El \u00faltimo d\u00eda la Bandera se repleg\u00f3 sobre <i>Bir Enzaran<\/i> donde permaneci\u00f3 hasta el 7 de marzo que se traslad\u00f3 en camiones a <i>Aargub,<\/i> llegando el mismo d\u00eda.<\/p>\n<p align=\"JUSTIFY\">All\u00ed estuvo de guarnici\u00f3n, echando de menos la intensa actividad que la Bandera tuvo en sus primeros meses tras la llegada al Sahara. Por fin el d\u00eda 4 de junio de este a\u00f1o 1958 se hizo cargo la Bandera de los Puestos de <i>Ausert<\/i> y <i>Tichla <\/i>y posteriormente del de <i>Bir Enzaran<\/i>. De este modo unidades tipo Secci\u00f3n eran destacadas al interior del desierto desde la costa, donde se encontraba <i>Aargub<\/i>.<i> <\/i>El d\u00eda 1 de octubre de ese mismo a\u00f1o se dispuso que la Bandera pasar\u00e1 a formar parte del Tercio Sahariano<i> Alejandro Farnesio, <\/i>4\u00ba de la Legi\u00f3n<i>,<\/i> con acuartelamiento en <i>Villa Cisneros<\/i>. No obstante la Plana Mayor de la Bandera continuar\u00eda en <i>Aargub<\/i> con una Compa\u00f1\u00eda de fusiles en su interior, otra desplegada en el per\u00edmetro defensivo y otra que part\u00eda hacia los puestos de<i> Bir Enzar\u00e1n, Ausert <\/i>y <i>Tichla,<\/i> es decir, se cambiaba de Tercio pero la vida segu\u00eda igual.<\/p>\n<p align=\"JUSTIFY\">\u00a1Miles de kil\u00f3metros cuadrados para una Compa\u00f1\u00eda de ciento cincuenta hombres con escasos medios de transporte \u00a1 Pero con la <i>espita<\/i> del agua en la mano, porque en estos tres fuertes estaban los m\u00e1s importantes <i>pozos <\/i>del sur del Sahara. El due\u00f1o del agua controlaba las caravanas y ten\u00eda la <i>llave del desierto<\/i>. El mon\u00f3tono estatismo de la guarnici\u00f3n hac\u00eda m\u00e1s apetecibles las salidas al interior, patrullas, nomadeo, convoyes. El Sahara ten\u00eda tantos atractivos que no era cosa de permanecer en un mismo lugar mucho tiempo.<\/p>\n<p align=\"JUSTIFY\">El segundo combate de Edchera<\/p>\n<p align=\"JUSTIFY\">Seg\u00fan hemos visto nada m\u00e1s inciarse la <i>Operaci\u00f3n Teide<\/i> tuvo lugar un segundo combate en las proximidades de Edchera. El entonces Teniente de Caballer\u00eda <i>D. Jes\u00fas Mart\u00edn Sappia<\/i> mandaba una Secci\u00f3n de autoametralladoras &#8211; ca\u00f1\u00f3n, precisamente la que actuaba en primer escal\u00f3n con la Secci\u00f3n mecanizada que llevaba el Sargento Soto. He aqu\u00ed lo que escribi\u00f3 entonces el citado Teniente del combate de Edchera del 10 de febrero de 1958, apenas un mes m\u00e1s tarde del mantenido por la XIII Bandera:<\/p>\n<blockquote>\n<blockquote>\n<p align=\"JUSTIFY\">\u00abA las ocho de la ma\u00f1ana comenzamos las Operaciones. <i>La Agrupaci\u00f3n \u00abA\u00bb<\/i> se compon\u00eda de la IV, IX y XIII Banderas de la Legi\u00f3n, un Grupo de Artiller\u00eda y el Grupo nuestro, que se subdivid\u00eda en dos columnas (una por cada lado de la <i>Saguia<\/i>) hasta <i>Edchera<\/i>, donde nos unimos todos. La Secci\u00f3n de Tom\u00e1s y la m\u00eda avanzaban por la orilla izquierda; llegamos a <i>Messeied<\/i> sin novedad. La otra Columna cruz\u00f3 el r\u00edo por Edchera tambi\u00e9n sin novedad, incorpor\u00e1ndose a la nuestra. Seguimos avanzando y a unos cuatro kil\u00f3metros del cruce se divis\u00f3 un grupo de gente que corr\u00eda por la parte baja del r\u00edo. Eran las 11:30 horas. Tom\u00e1s y yo recibimos la orden de adelantarnos cada uno con nuestro carro, para cortarles el paso. Despu\u00e9s de un rato de haberles estado tirando (Tom\u00e1s a mi derecha y yo a unos veinticinco metros del borde de la<i> Saguia<\/i>) iniciamos el avance y a un kil\u00f3metro escaso de donde est\u00e1bamos nos abrieron un fuego endemoniado desde la orilla.<\/p>\n<p align=\"JUSTIFY\">Inmediatamente respondimos con fuego, \u00a1<i>me estaban friendo<\/i>! El primer tiro fue directo para m\u00ed, con la suerte de que pas\u00f3 un poco alto, incendiando una caja de munici\u00f3n antia\u00e9rea. Las Escuadras del mecanizado que ven\u00eda detr\u00e1s del m\u00edo entraron en posici\u00f3n. Inmediatamente tuvimos las primeras bajas. Pegaba el sol como un demonio. Entre el humo de las ametralladoras y el calor que hac\u00eda, aquello era insoportable. En cuanto asomaba la cresta, no me dejaban vivir; silbaban las balas como condenadas, no par\u00e1bamos de tirar. Por un momento se interrumpi\u00f3 la ametralladora, fue de espanto, pues no pararon de tirarme. Estaba en todo momento en comunicaci\u00f3n con Tom\u00e1s, que me proteg\u00eda la espalda. Estaban metidos en el borde de la<i> Saguia <\/i>y era dificil\u00edsimo verlos; de todas formas, al menos, vi dar una vuelta de campana a uno de una r\u00e1faga que le hab\u00edamos tirado, \u00a1ese ya no volver\u00eda a hacer marranadas!.<\/p>\n<p align=\"JUSTIFY\">A las 15:00 horas se acab\u00f3 el combate en nuestra parte, menos mal, pues fueron dos horas y media de a\u00fapa; la auto-ametralladora m\u00eda ten\u00eda dos ruedas pinchadas, la antena rota, diecinueve impactos en le lado izquierdo (qu\u00e9 casualidad, el n\u00famero del veh\u00edculo). Nos hab\u00eda destrozado el caj\u00f3n de las herramientas y los ranchos en fr\u00edo. Muertos el Sargento Soto y dos soldados m\u00e1s y luego seis heridos. La Secci\u00f3n de Pl\u00e1cido y la de Cebollino, con la <i>IX Bandera<\/i>, que se hab\u00edan quedado en el <i>paso de Edchera<\/i> protegiendo unos camiones, hab\u00edan entrado tambi\u00e9n en combate. Para all\u00ed fueron el Capit\u00e1n y Tom\u00e1s. Fue bastante duro (de todas formas se les ha pegado un buen palo). Desde luego, buen bautismo de fuego el del Grupo, pues todos se portaron maravillosamente bien. El Capit\u00e1n Iv\u00e1n, herido. A las cinco de la tarde, la aviaci\u00f3n y la artiller\u00eda bombardeaban el cauce del r\u00edo, pues por all\u00ed se retiraron; no sab\u00edamos el n\u00famero de sus bajas, nosotros recogimos a veintid\u00f3s de sus muertos (solamente de lo que hicimos el Grupo). Tuvo que haber muchos m\u00e1s que estar\u00edan metidos por la parte baja del r\u00edo y heridos unos cuantos que se tuvieron que descolgar.<\/p>\n<p align=\"JUSTIFY\">La IX y el resto del Grupo nos quedamos a pernoctar en el paso de Edchera. Por dos veces estuve preparado para salir hacia el paso; a las ocho, por fin, como aquello estaba tranquilo, me ordenaron quedarme aqu\u00ed. Tambi\u00e9n all\u00ed les dieron duro; los heridos y muertos los evacuaron en helic\u00f3ptero. El resumen del combate fue, por nuestra parte, tres muertos y ocho heridos, del Grupo, y tres legionarios heridos. Por la parte de ellos se calcularon en cuarenta el m\u00ednimo de muertos y muchos m\u00e1s el de heridos; lo que encontramos fue una sola arma. La posici\u00f3n de ellos era natural, inmejorable para resistir. Por la noche nos establecimos en defensiva y a esperar al d\u00eda siguiente (ya veremos ma\u00f1ana lo que encontramos). Al fin el d\u00eda fue entretenido, con la mala suerte de nuestras bajas, pero era la guerra. \u00a1<i>Ojal\u00e1 les podamos dar otro palo ma\u00f1ana<\/i>! La Caballer\u00eda volvi\u00f3 a portarse como en sus tiempos gloriosos, el susto se lo di a Tom\u00e1s cuando estuvo un rato en pleno cacao sin o\u00edrme tirar ni hablar\u00bb.<\/p>\n<\/blockquote>\n<\/blockquote>\n<p align=\"JUSTIFY\">En este segundo combate de Edchera, seg\u00fan hemos visto, el balance fue muy positivo para las fuerzas espa\u00f1olas. Este Grupo expedicionario de Caballer\u00eda fue uno de los que despu\u00e9s con sus veh\u00edculos y algunos de sus mandos constituyeron el I Grupo Ligero Blindado del Tercio 3\u00ba.<\/p>\n<p align=\"JUSTIFY\">Como resumen la relaci\u00f3n num\u00e9rica de bajas en esta <i>guerra de Ifni<\/i> \u2013<i> Sahara <\/i>fueron de 1 muerto y 4 heridos en al II Bandera (luego convertida en VII), 3 muertos y 8 heridos en la IV (la que se transformar\u00eda en VIII), 9 muertos y 48 heridos en la VI (disuelta para integrarse en unidades del 3er Tercio) y por \u00faltimo, 1 muerto y 2 heridos de la IX (entonces del 3erTercio). Desgraciadamente la XIII Bandera tuvo muchas mas debido especialmente al combate de Edchera: 47 muertos y 95 heridos, total 142.<\/p>\n<p>&nbsp;<\/p>\n","protected":false},"excerpt":{"rendered":"<p>LA 3 C\u00cdA Y IX BRA EN EL CONFLICTO DE IFNI-SAHARA, 1956-1958 LA IX EN LA OPERACI\u00d3N \u00abTEIDE\u00bb Las Directivas de H\u00e9ctor V\u00e1zquez Rafael Casas en la \u00faltima guerra de Africa nos describe as\u00ed la Operaci\u00f3n Teide: \u00abEl General H\u00e9ctor V\u00e1zquez hab\u00eda firmado ya en el Aai\u00fan, el 27 de enero, unas directivas para sus [&hellip;]<\/p>\n","protected":false},"author":1,"featured_media":0,"parent":0,"menu_order":0,"comment_status":"closed","ping_status":"closed","template":"","meta":{"ocean_post_layout":"","ocean_both_sidebars_style":"","ocean_both_sidebars_content_width":0,"ocean_both_sidebars_sidebars_width":0,"ocean_sidebar":"","ocean_second_sidebar":"","ocean_disable_margins":"enable","ocean_add_body_class":"","ocean_shortcode_before_top_bar":"","ocean_shortcode_after_top_bar":"","ocean_shortcode_before_header":"","ocean_shortcode_after_header":"","ocean_has_shortcode":"","ocean_shortcode_after_title":"","ocean_shortcode_before_footer_widgets":"","ocean_shortcode_after_footer_widgets":"","ocean_shortcode_before_footer_bottom":"","ocean_shortcode_after_footer_bottom":"","ocean_display_top_bar":"default","ocean_display_header":"default","ocean_header_style":"","ocean_center_header_left_menu":"","ocean_custom_header_template":"","ocean_custom_logo":0,"ocean_custom_retina_logo":0,"ocean_custom_logo_max_width":0,"ocean_custom_logo_tablet_max_width":0,"ocean_custom_logo_mobile_max_width":0,"ocean_custom_logo_max_height":0,"ocean_custom_logo_tablet_max_height":0,"ocean_custom_logo_mobile_max_height":0,"ocean_header_custom_menu":"","ocean_menu_typo_font_family":"","ocean_menu_typo_font_subset":"","ocean_menu_typo_font_size":0,"ocean_menu_typo_font_size_tablet":0,"ocean_menu_typo_font_size_mobile":0,"ocean_menu_typo_font_size_unit":"px","ocean_menu_typo_font_weight":"","ocean_menu_typo_font_weight_tablet":"","ocean_menu_typo_font_weight_mobile":"","ocean_menu_typo_transform":"","ocean_menu_typo_transform_tablet":"","ocean_menu_typo_transform_mobile":"","ocean_menu_typo_line_height":0,"ocean_menu_typo_line_height_tablet":0,"ocean_menu_typo_line_height_mobile":0,"ocean_menu_typo_line_height_unit":"","ocean_menu_typo_spacing":0,"ocean_menu_typo_spacing_tablet":0,"ocean_menu_typo_spacing_mobile":0,"ocean_menu_typo_spacing_unit":"","ocean_menu_link_color":"","ocean_menu_link_color_hover":"","ocean_menu_link_color_active":"","ocean_menu_link_background":"","ocean_menu_link_hover_background":"","ocean_menu_link_active_background":"","ocean_menu_social_links_bg":"","ocean_menu_social_hover_links_bg":"","ocean_menu_social_links_color":"","ocean_menu_social_hover_links_color":"","ocean_disable_title":"default","ocean_disable_heading":"default","ocean_post_title":"","ocean_post_subheading":"","ocean_post_title_style":"","ocean_post_title_background_color":"","ocean_post_title_background":0,"ocean_post_title_bg_image_position":"","ocean_post_title_bg_image_attachment":"","ocean_post_title_bg_image_repeat":"","ocean_post_title_bg_image_size":"","ocean_post_title_height":0,"ocean_post_title_bg_overlay":0.5,"ocean_post_title_bg_overlay_color":"","ocean_disable_breadcrumbs":"default","ocean_breadcrumbs_color":"","ocean_breadcrumbs_separator_color":"","ocean_breadcrumbs_links_color":"","ocean_breadcrumbs_links_hover_color":"","ocean_display_footer_widgets":"default","ocean_display_footer_bottom":"default","ocean_custom_footer_template":"","footnotes":""},"class_list":["post-510","page","type-page","status-publish","hentry","entry"],"yoast_head":"<!-- This site is optimized with the Yoast SEO plugin v27.5 - https:\/\/yoast.com\/product\/yoast-seo-wordpress\/ -->\n<title>La IX en la Operaci\u00f3n &quot;TEIDE&quot; -<\/title>\n<meta name=\"robots\" content=\"index, follow, max-snippet:-1, max-image-preview:large, max-video-preview:-1\" \/>\n<link rel=\"canonical\" href=\"https:\/\/amigosdeltercertercio.com\/web\/la-ix-en-la-operacion-teide\/\" \/>\n<meta property=\"og:locale\" content=\"es_ES\" \/>\n<meta property=\"og:type\" content=\"article\" \/>\n<meta property=\"og:title\" content=\"La IX en la Operaci\u00f3n &quot;TEIDE&quot; -\" \/>\n<meta property=\"og:description\" content=\"LA 3 C\u00cdA Y IX BRA EN EL CONFLICTO DE IFNI-SAHARA, 1956-1958 LA IX EN LA OPERACI\u00d3N \u00abTEIDE\u00bb Las Directivas de H\u00e9ctor V\u00e1zquez Rafael Casas en la \u00faltima guerra de Africa nos describe as\u00ed la Operaci\u00f3n Teide: \u00abEl General H\u00e9ctor V\u00e1zquez hab\u00eda firmado ya en el Aai\u00fan, el 27 de enero, unas directivas para sus [&hellip;]\" \/>\n<meta property=\"og:url\" content=\"https:\/\/amigosdeltercertercio.com\/web\/la-ix-en-la-operacion-teide\/\" \/>\n<meta property=\"article:modified_time\" content=\"2014-04-21T16:18:34+00:00\" \/>\n<meta name=\"twitter:card\" content=\"summary_large_image\" \/>\n<meta name=\"twitter:label1\" content=\"Tiempo de lectura\" \/>\n\t<meta name=\"twitter:data1\" content=\"13 minutos\" \/>\n<script type=\"application\/ld+json\" class=\"yoast-schema-graph\">{\"@context\":\"https:\\\/\\\/schema.org\",\"@graph\":[{\"@type\":\"WebPage\",\"@id\":\"https:\\\/\\\/amigosdeltercertercio.com\\\/web\\\/la-ix-en-la-operacion-teide\\\/\",\"url\":\"https:\\\/\\\/amigosdeltercertercio.com\\\/web\\\/la-ix-en-la-operacion-teide\\\/\",\"name\":\"La IX en la Operaci\u00f3n \\\"TEIDE\\\" -\",\"isPartOf\":{\"@id\":\"https:\\\/\\\/amigosdeltercertercio.com\\\/web\\\/#website\"},\"datePublished\":\"2014-04-20T17:40:07+00:00\",\"dateModified\":\"2014-04-21T16:18:34+00:00\",\"breadcrumb\":{\"@id\":\"https:\\\/\\\/amigosdeltercertercio.com\\\/web\\\/la-ix-en-la-operacion-teide\\\/#breadcrumb\"},\"inLanguage\":\"es\",\"potentialAction\":[{\"@type\":\"ReadAction\",\"target\":[\"https:\\\/\\\/amigosdeltercertercio.com\\\/web\\\/la-ix-en-la-operacion-teide\\\/\"]}]},{\"@type\":\"BreadcrumbList\",\"@id\":\"https:\\\/\\\/amigosdeltercertercio.com\\\/web\\\/la-ix-en-la-operacion-teide\\\/#breadcrumb\",\"itemListElement\":[{\"@type\":\"ListItem\",\"position\":1,\"name\":\"Home\",\"item\":\"https:\\\/\\\/amigosdeltercertercio.com\\\/web\\\/\"},{\"@type\":\"ListItem\",\"position\":2,\"name\":\"La IX en la Operaci\u00f3n \u00abTEIDE\u00bb\"}]},{\"@type\":\"WebSite\",\"@id\":\"https:\\\/\\\/amigosdeltercertercio.com\\\/web\\\/#website\",\"url\":\"https:\\\/\\\/amigosdeltercertercio.com\\\/web\\\/\",\"name\":\"\",\"description\":\"\",\"potentialAction\":[{\"@type\":\"SearchAction\",\"target\":{\"@type\":\"EntryPoint\",\"urlTemplate\":\"https:\\\/\\\/amigosdeltercertercio.com\\\/web\\\/?s={search_term_string}\"},\"query-input\":{\"@type\":\"PropertyValueSpecification\",\"valueRequired\":true,\"valueName\":\"search_term_string\"}}],\"inLanguage\":\"es\"}]}<\/script>\n<!-- \/ Yoast SEO plugin. -->","yoast_head_json":{"title":"La IX en la Operaci\u00f3n \"TEIDE\" -","robots":{"index":"index","follow":"follow","max-snippet":"max-snippet:-1","max-image-preview":"max-image-preview:large","max-video-preview":"max-video-preview:-1"},"canonical":"https:\/\/amigosdeltercertercio.com\/web\/la-ix-en-la-operacion-teide\/","og_locale":"es_ES","og_type":"article","og_title":"La IX en la Operaci\u00f3n \"TEIDE\" -","og_description":"LA 3 C\u00cdA Y IX BRA EN EL CONFLICTO DE IFNI-SAHARA, 1956-1958 LA IX EN LA OPERACI\u00d3N \u00abTEIDE\u00bb Las Directivas de H\u00e9ctor V\u00e1zquez Rafael Casas en la \u00faltima guerra de Africa nos describe as\u00ed la Operaci\u00f3n Teide: \u00abEl General H\u00e9ctor V\u00e1zquez hab\u00eda firmado ya en el Aai\u00fan, el 27 de enero, unas directivas para sus [&hellip;]","og_url":"https:\/\/amigosdeltercertercio.com\/web\/la-ix-en-la-operacion-teide\/","article_modified_time":"2014-04-21T16:18:34+00:00","twitter_card":"summary_large_image","twitter_misc":{"Tiempo de lectura":"13 minutos"},"schema":{"@context":"https:\/\/schema.org","@graph":[{"@type":"WebPage","@id":"https:\/\/amigosdeltercertercio.com\/web\/la-ix-en-la-operacion-teide\/","url":"https:\/\/amigosdeltercertercio.com\/web\/la-ix-en-la-operacion-teide\/","name":"La IX en la Operaci\u00f3n \"TEIDE\" -","isPartOf":{"@id":"https:\/\/amigosdeltercertercio.com\/web\/#website"},"datePublished":"2014-04-20T17:40:07+00:00","dateModified":"2014-04-21T16:18:34+00:00","breadcrumb":{"@id":"https:\/\/amigosdeltercertercio.com\/web\/la-ix-en-la-operacion-teide\/#breadcrumb"},"inLanguage":"es","potentialAction":[{"@type":"ReadAction","target":["https:\/\/amigosdeltercertercio.com\/web\/la-ix-en-la-operacion-teide\/"]}]},{"@type":"BreadcrumbList","@id":"https:\/\/amigosdeltercertercio.com\/web\/la-ix-en-la-operacion-teide\/#breadcrumb","itemListElement":[{"@type":"ListItem","position":1,"name":"Home","item":"https:\/\/amigosdeltercertercio.com\/web\/"},{"@type":"ListItem","position":2,"name":"La IX en la Operaci\u00f3n \u00abTEIDE\u00bb"}]},{"@type":"WebSite","@id":"https:\/\/amigosdeltercertercio.com\/web\/#website","url":"https:\/\/amigosdeltercertercio.com\/web\/","name":"","description":"","potentialAction":[{"@type":"SearchAction","target":{"@type":"EntryPoint","urlTemplate":"https:\/\/amigosdeltercertercio.com\/web\/?s={search_term_string}"},"query-input":{"@type":"PropertyValueSpecification","valueRequired":true,"valueName":"search_term_string"}}],"inLanguage":"es"}]}},"_links":{"self":[{"href":"https:\/\/amigosdeltercertercio.com\/web\/wp-json\/wp\/v2\/pages\/510","targetHints":{"allow":["GET"]}}],"collection":[{"href":"https:\/\/amigosdeltercertercio.com\/web\/wp-json\/wp\/v2\/pages"}],"about":[{"href":"https:\/\/amigosdeltercertercio.com\/web\/wp-json\/wp\/v2\/types\/page"}],"author":[{"embeddable":true,"href":"https:\/\/amigosdeltercertercio.com\/web\/wp-json\/wp\/v2\/users\/1"}],"replies":[{"embeddable":true,"href":"https:\/\/amigosdeltercertercio.com\/web\/wp-json\/wp\/v2\/comments?post=510"}],"version-history":[{"count":2,"href":"https:\/\/amigosdeltercertercio.com\/web\/wp-json\/wp\/v2\/pages\/510\/revisions"}],"predecessor-version":[{"id":682,"href":"https:\/\/amigosdeltercertercio.com\/web\/wp-json\/wp\/v2\/pages\/510\/revisions\/682"}],"wp:attachment":[{"href":"https:\/\/amigosdeltercertercio.com\/web\/wp-json\/wp\/v2\/media?parent=510"}],"curies":[{"name":"wp","href":"https:\/\/api.w.org\/{rel}","templated":true}]}}