{"id":544,"date":"2014-04-20T17:57:57","date_gmt":"2014-04-20T17:57:57","guid":{"rendered":"https:\/\/amigosdeltercertercio.com\/web\/?page_id=544"},"modified":"2014-04-21T16:27:47","modified_gmt":"2014-04-21T16:27:47","slug":"cuarteles-en-el-aaiun","status":"publish","type":"page","link":"https:\/\/amigosdeltercertercio.com\/web\/cuarteles-en-el-aaiun\/","title":{"rendered":"Cuarteles en El Aaiun"},"content":{"rendered":"<p align=\"center\"><span style=\"font-family: Tahoma;\">DEL NORTE DE \u00c1FRICA AL \u00c1FRICA OCCIDENTAL: SAHARA, 1958-1975<\/span><\/p>\n<p align=\"center\">\n<p align=\"JUSTIFY\"><strong>CUARTELES DEL TERCERO EN EL AAI\u00daN<\/strong><\/p>\n<p align=\"JUSTIFY\">El Aai\u00fan, la capital del Sahara<\/p>\n<p align=\"JUSTIFY\">El <i>Aai\u00fan<\/i> fue la base principal del Tercio<i> <\/i>sahariano <i>D. Juan de Austria<\/i>, 3\u00ba de la Legi\u00f3n. El nombre de esta poblaci\u00f3n viene del plural de <i>ain <\/i>que significa <i>fuente o manantial<\/i>. Deb\u00eda su nombre a las numerosas fuentes que existen donde se asienta esta ciudad. Era la capital del Sahara espa\u00f1ol, situada en la margen sur de la <i>Saguia<\/i>, a unos treinta kil\u00f3metros de su desembocadura. Estaba dotada de agua dulce abundante, siendo un centro esencial de comunicaciones, pr\u00f3ximo a una playa (<i>Sidi Atzman<\/i>) susceptible de ser utilizado como \u00e1rea de desembarco. Pas\u00f3 en poco tiempo de ser una peque\u00f1a agrupaci\u00f3n de jaimas a constituirse en una ciudad importante, dotada de todos los servicios necesarios, incluso un aer\u00f3dromo para aviones civiles y militares.<\/p>\n<p align=\"JUSTIFY\">Gracias a los barcos fletados (recordemos que fue el primer problema que tuvo el Coronel As\u00faa) el Tercio pudo <i>comer caliente<\/i> desde el primer momento de la llegada a Aai\u00fan. En esta ciudad, antes de incorporarse al Tercio, la vida no era ni f\u00e1cil ni sencilla, hasta el extremo de que tanto el Director de Iberia como el del Banco Exterior, all\u00ed establecidos, solicitaron para s\u00ed y sus empleados poder comer en la Residencia de Oficiales y Suboficiales ya que llevaban meses comiendo de latas. Ni que decir tiene que el Coronel accedi\u00f3 y, a cambio, tanto los de Iberia como los del Exterior nos dieron toda clase de facilidades.<\/p>\n<p align=\"JUSTIFY\">La cuesti\u00f3n de las casas militares fue la segunda dificultad del Coronel As\u00faa ya que no hab\u00eda alojamientos para los Oficiales ni para los Suboficiales; el hecho necesitaba una r\u00e1pida soluci\u00f3n y el Coronel la encontr\u00f3 ya que como Comandante Militar de la Plaza orden\u00f3 ocupar las viviendas que se encontraran libres y que no fueran del Gobierno del Sahara, llegando incluso si estaban cerradas a abrirlas por el sistema de <i>la patada en la puerta<\/i>.<\/p>\n<p align=\"JUSTIFY\">Por su parte la <i>Saguia el Hamra<\/i>, muy pr\u00f3xima a la poblaci\u00f3n<i>, <\/i>era la m\u00e1s importante arteria fluvial del que fue Sahara espa\u00f1ol. Se trataba de una amplia hendidura, normalmente sin agua corriente, y con paredes rocosas. Dispon\u00eda de mucha vegetaci\u00f3n, zonas en las que abundaban las aguas subterr\u00e1neas con pozos y manantiales de agua dulce (caso del Aai\u00fan) e indicios de vida humana activa en \u00e9pocas no muy remotas. As\u00ed nos describe el <i>Cte. Cruz<\/i> los primeros meses en el <i>Aai\u00fan<\/i>:<\/p>\n<blockquote>\n<blockquote>\n<p align=\"JUSTIFY\">\u00abTodos los Jefes, Oficiales, Suboficiales y tropa casada que llevaron a sus familiares, durante el primer a\u00f1o de estancia en <i>Aai\u00fan<\/i> recog\u00edamos el pan en Subayudant\u00eda, sencillamente porque la \u00fanica panader\u00eda con recursos era la militar y as\u00ed siguieron hasta principios del 60 que empez\u00f3 a funcionar una panader\u00eda-pasteler\u00eda civil.<\/p>\n<p align=\"JUSTIFY\">Llegado el Tercio a finales de septiembre al <i>Aai\u00fan<\/i>, en el verano del 59 ya hab\u00eda al menos 10 casas para Suboficiales de las que yo ocup\u00e9 una (a ese bloque de 10 casas lo llam\u00e1bamos <i>el fuerte de la Pre\u00f1\u00e1<\/i> porque hab\u00edan estado destinadas a lupanar para las fuerzas expedicionarias). Se compraron bastantes casas por parte de la unidad, se construyeron para Oficiales y Suboficiales y tropa, yo estren\u00e9 una en 1960. Con el tiempo, pero pronto, se construy\u00f3 <i>el barrio de Suboficiales<\/i> en el primer escal\u00f3n sur de la <i>Saguia el Hamra<\/i> y el <i>poblado de<\/i> <i>Colominas<\/i> (nombre de la empresa que lo construy\u00f3) en la proximidad del aeropuerto donde se aloj\u00f3 a toda la guarnici\u00f3n, bajo la administraci\u00f3n del Patronato de Casas Militares.<\/p>\n<p align=\"JUSTIFY\">Tambi\u00e9n, cuando llegamos al Sahara, el agua, adem\u00e1s de escas\u00edsima era salobre en algunas ocasiones hasta el v\u00f3mito; al cabo de poco m\u00e1s de un a\u00f1o ya hab\u00edamos excavado, bajo la direcci\u00f3n del Coronel Coloma, los pozos necesarios, en principio para abastecer al Tercio y pronto y con agua de calidad, a toda la poblaci\u00f3n, hasta el punto de que la recib\u00edamos en nuestras casas en la cantidad necesaria de la red general.<\/p>\n<p align=\"JUSTIFY\">Respecto a los suministros de v\u00edveres en el <i>Aai\u00fan<\/i>, desde nuestra llegada nos estuvieron explotando con el cuento de las p\u00e9rdidas en los desembarcos de mercanc\u00edas, que se hac\u00edan con veh\u00edculos anfibios de la II Guerra Mundial. En <i>Las Palmas<\/i> hab\u00eda un almacenista de productos frescos llamado <i>Santana Fleitas<\/i>, que por medio de un tal <i>Felisindo<\/i>, antiguo Cabo legionario, se aprovechaba de los precios en las compras de v\u00edveres para el Tercio. En febrero de 1.965 fui designado auxiliar del nuevo Comandante administrador, D. Abraham Holgado Murillo, por el \u00fanico m\u00e9rito de haber sido el auxiliar administrativo del Capit\u00e1n Andrade, tal era el respeto que merec\u00eda D. Jos\u00e9 Ram\u00f3n a sus compa\u00f1eros de empleo.<\/p>\n<p align=\"JUSTIFY\">Pasados casi dos a\u00f1os y cuando el mando recay\u00f3 en el Comandante Barrientos L\u00f3pez, mi antiguo Jefe de Bandera, me dio libertad para comprar a mi antojo, as\u00ed que a la vista del anuario telef\u00f3nico nacional (entonces eran siete tomos) y ayudado por sus direcciones, pedimos ofertas a distintas casas envasadoras de pescados, verduras, carnes, embutidos, chacinas, etc. Al mismo tiempo licenciamos al tal <i>Santana<\/i> de la n\u00f3mina de proveedores y pusimos en marcha la compra de frutas y verduras en la <i>frontera de Tah<\/i> (unos 80 Km al norte de <i>Aai\u00fan<\/i>) a donde \u00edbamos todos los lunes con un cami\u00f3n civil alquilado, capaz para unas 10 toneladas, compr\u00e1bamos todo lo necesario para las cocinas y las familias, al tiempo le vend\u00edamos a nuestro proveedor marroqu\u00ed (Mohamed Uld Barka, que hicimos fijo y fue un acierto) whisky para el gobernador de <i>Tantan<\/i>, caf\u00e9, mantas, etc. a precios un tanto abusivos.<\/p>\n<p align=\"JUSTIFY\">Importamos toneladas de <i>leche Lita en polvo<\/i> (la usada en las cocinas de tropa y por las familias) y queso de bola de Holanda, carne congelada de Argentina y Polonia, tabaco de EE.UU. a trav\u00e9s del <i>Pobre Canario<\/i> (traficante analfabeto, pero despierto) y frutas en conserva de Sud\u00e1frica sin ning\u00fan problema. Los empleados de Hacienda se ocupaban de ayudarme en todo y me ense\u00f1aron alguna que otra triqui\u00f1uela para pagar la mitad de los impuestos. Resumiendo, en poco tiempo redujimos los precios en un promedio del 50% siendo de m\u00e1s del 80% la rebaja en frutas (naranjas y las de temporada) y verduras. Doblamos las ventas de 2 a 4,5 millones de pesetas de los de entonces, incluidas las cocinas del Tercio y de casi todos los Regimientos, que no eran pocos. Los almacenistas presentaron una queja al Gobernador que lo \u00fanico que orden\u00f3 fue prohibirnos vender al personal no militar, lo que nunca hab\u00eda ocurrido, puesto que los civiles se val\u00edan de sus amigos militares para adquirir lo que quer\u00edan. Esto es muy f\u00e1cil de escribir pero dif\u00edcil de llevar a cabo, a m\u00ed, \u00fanico responsable ante mis jefes del negocio, solo me supon\u00eda horas de trabajo y la satisfacci\u00f3n de bajar los precios\u00bb.<\/p>\n<\/blockquote>\n<\/blockquote>\n<p align=\"JUSTIFY\">Fueron pasando los a\u00f1os y la ciudad fue creciendo y mejorando sus servicios. Las relaciones con los saharaui y con las Autoridades Municipales eran muy buenas como lo demuestra lo ocurrido cuando lleg\u00f3 el 20 de septiembre de 1970, fecha del Cincuenta Aniversario de la Fundaci\u00f3n de la Legi\u00f3n, la Corporaci\u00f3n Municipal aaiunense tom\u00f3 el acuerdo un\u00e1nime de ofrecer una placa al Tercio 3\u00ba, conmemorativa de tan solemne fecha, demostrando as\u00ed las buenas relaciones existentes entre el Tercio y la ciudad del Aai\u00fan. El acto tuvo lugar, el d\u00eda 6 de marzo de 1971. El acuartelamiento de <i>Sidi Buya<\/i> vest\u00eda sus mejores galas. En el Patio de Armas, todas las unidades, al completo de sus efectivos, en las tribunas, el Excmo. Se\u00f1or General P\u00e9rez de Lema, ya ascendido a Teniente General; General segundo Jefe, Secretario General y dem\u00e1s Autoridades Civiles, Presidente del Cabildo, Ayuntamiento en pleno, comisiones de Jefes y Oficiales de la guarnici\u00f3n de la Plaza. Primeramente fue le\u00edda el Acta del acuerdo municipal, por el que por unanimidad de los miembros de la Corporaci\u00f3n se ofrec\u00eda la mencionada placa al Tercio 3. M\u00e1s adelante, el Excmo. Se\u00f1or <i>Alcalde<\/i> pronunci\u00f3, en hassania, unas palabras que el int\u00e9rprete oficial tradujo as\u00ed:<\/p>\n<blockquote>\n<blockquote>\n<p align=\"JUSTIFY\">\u00abMi Coronel: en ejecuci\u00f3n del acuerdo municipal, que termina de ser le\u00eddo, me complazco en hacerle entrega de la Placa que el Excmo. Ayuntamiento de mi presidencia resolvi\u00f3 ofrendar al Tercio Sahariano n\u00famero 3, Don Juan de Austria, de su digno y merecido mando, conmemorando la hist\u00f3rica fecha del Cincuenta Aniversario de la Fundaci\u00f3n de la Legi\u00f3n, como justo reconocimiento a la gloriosa historia de tan prestigiosa unidad militar, tan conocida de todos nosotros, a trav\u00e9s de los a\u00f1os en que hemos tenido la enorme satisfacci\u00f3n de contar con vuestra alentadora presencia, significativa de segur\u00edsima tranquilidad, ofrecida siempre sin regateos y, justamente por ello, por lo que, con el ofrecimiento de la Placa, os expresamos, de todo coraz\u00f3n, nuestros mejores deseos. Muchas gracias, mi Coronel\u00bb.<\/p>\n<\/blockquote>\n<\/blockquote>\n<p align=\"JUSTIFY\">El Coronel del Tercio le contest\u00f3 agradeciendo profundamente esta delicadeza que ataba a\u00fan m\u00e1s los fuertes lazos de amistad y de afecto que la Legi\u00f3n sent\u00eda por el pueblo saharaui.<\/p>\n<p align=\"JUSTIFY\">El cuartel de \u00abRayen Mansur\u00bb<\/p>\n<p align=\"JUSTIFY\"><span style=\"font-family: 'Trebuchet MS'; font-size: large;\">El III Tabor en El Aai\u00fan era la \u00fanica fuerza puramente militar que hab\u00eda en el desierto antes del conflicto Ifni-Sahara. A las \u00f3rdenes del Comandante Sandino inici\u00f3 la construcci\u00f3n del que luego hab\u00eda de ser el acuartelamiento del 3<\/span><span style=\"font-family: 'Trebuchet MS'; font-size: small;\"><span style=\"font-family: 'Trebuchet MS'; font-size: large;\">er Tercio de La Legi\u00f3n <i>Rayen Mansur<\/i>, y una serie de obras encaminadas a la satisfacci\u00f3n de las necesidades de sus componentes, tales como viviendas para cristianos y musulmanes y una productiva granja agr\u00edcola y ganadera. El Comandante Sandino increment\u00f3 las obras y di\u00f3 un estilo nuevo a la unidad. Al buen aspecto externo del cuartel, cuidado con esmero, se un\u00eda el elevado grado de instrucci\u00f3n del personal y la satisfacci\u00f3n de servir en una unidad, en la que se com\u00eda bien y caliente tres veces al d\u00eda gracias a la granja, granja que m\u00e1s tarde fue durante los tiempos de paz el ojo derecho del Comandante Lago, cuando luego fue Jefe del citado Tabor.<\/span><\/span><\/p>\n<p align=\"JUSTIFY\"><span style=\"font-family: 'Trebuchet MS'; font-size: large;\">El cuartel de <i>Rayen Mansur<\/i> perteneci\u00f3, por tanto, inicialmente al Tabor de Tiradores de Ifni que finalmente mand\u00f3 el Comandante Lago (el que de Tcol fue Jefe de la VII Bandera en <i>Smara<\/i>). Luego fue cedido a las Banderas de la Legi\u00f3n expedicionarias en le conflicto de Ifni-Sahara de 1956-58. All\u00ed estuvo por ejemplo la XIII Bandera. Al crearse el 3<\/span><span style=\"font-family: 'Trebuchet MS'; font-size: small;\"><span style=\"font-family: 'Trebuchet MS'; font-size: large;\">er Tercio sahariano, este cuartel se constituy\u00f3 en sede del <i>D. Juan de Austria<\/i> desde octubre de 1958 hasta octubre de 1963, fecha en la que el Tercio se traslad\u00f3 al nuevo cuartel de <i>Sidi-Buya<\/i>. A partir de entonces <i>Rayen Mansur<\/i> fue ocupado hasta 1967 por fuerzas paracaidistas que con car\u00e1cter rotatorio se destacaban al Sahara y entre 1967 y 1975 por el Regimiento de Artiller\u00eda n\u00ba 95.<\/span><\/span><\/p>\n<p align=\"JUSTIFY\"><span style=\"font-family: 'Trebuchet MS'; font-size: large;\">Desde all\u00ed el Tercio con sus Unidades y Patrullas recorr\u00eda continuamente todo el territorio comprendido entre los paralelos 27<\/span><span style=\"font-family: 'Trebuchet MS'; font-size: small;\"><span style=\"font-family: 'Trebuchet MS'; font-size: large;\">0 40\u00b4 y 26o de Norte a Sur y desde <i>Guelta Zemmur<\/i> hasta el mar, de este a oeste. Pero el Tercio no se encontraba reunido en una misma guarnici\u00f3n; destacamentos alejados hac\u00edan que se extendieran m\u00e1s y m\u00e1s los confines. As\u00ed no era raro encontrar una noche una partida de camiones y veh\u00edculos ligeros bien repostados de gasolina, preparados para que al amanecer pusieran sus motores en marcha para efectuar el relevo; o bien una patrulla en servicio de descubierta, surcando el calor y arrastrando tras de sus neum\u00e1ticos infinidad de piedras sueltas, como pu\u00f1os. Las inclemencias del clima no imped\u00edan que se llevasen a cabo un horario normal de trabajo, y una vez acostumbrado a \u00e9l los que vinieron del Krimda, la vida cotidiana se desarrollaba normalmente.<\/span><\/span><\/p>\n<p align=\"JUSTIFY\">Pero volviendo al primer cuartel del Tercio en el Aai\u00fan fue, seg\u00fan lo dicho, el de <i>Rayen-Mansur,<\/i> tambi\u00e9n llamado <i>Bab el Mansur,<\/i> sito en la misma poblaci\u00f3n. En octubre de 1.963, mandando el Tercio el Coronel Galindo Casiellas, el Tercio se traslad\u00f3 a <i>Sidi Buya<\/i>, antiguo campamento del Batall\u00f3n de Instrucci\u00f3n de Reclutas (el BIR) que se hab\u00eda desplazado a <i>Cabeza de Playa<\/i> de Aai\u00fan. Los talleres de veh\u00edculos quedaron en el acuartelamiento de <i>Bab el Mansur<\/i> durante un tiempo junto con el Regimiento Mixto de Artiller\u00eda n\u00fam. 95.<\/p>\n<p align=\"JUSTIFY\"><b>Al otro lado de la Saguia: Sidi-Buya<\/b><\/p>\n<p align=\"JUSTIFY\">Al principio de llegar el Tercio al Aai\u00fan, es decir, en los a\u00f1os 1958 \u20131959, <i>Sidi Buya<\/i> era, seg\u00fan lo dicho, un campamento, un vivac con tiendas c\u00f3nicas, cocinas de campa\u00f1a caldeadas con le\u00f1a o con gas-oil vaporizado a tracci\u00f3n. Luego con el tiempo <i>Sidi Buya<\/i> fue un magn\u00edfico acuartelamiento legionario, amplio, limpio &#8211; esto de la limpieza es una caracter\u00edstica inherente a la Legi\u00f3n-funcional, con dependencias c\u00f3modas, dormitorios de tropa suficientes y espaciosos. Su campo exterior era vasto, dilatado y suficientemente variado: llanuras, barrancadas sobre la <i>Saguia el Hamra<\/i>, o <i>R\u00edo Rojo<\/i>, que no era <i>r\u00edo<\/i> porque llevase agua m\u00e1s que de Pascuas a Ramos y no todos los a\u00f1os, y no era <i>rojo<\/i>, sino m\u00e1s bien pardo, con algunas manchas verdes.<\/p>\n<p align=\"JUSTIFY\">Tambien exist\u00edan otros <i>uadis<\/i> (o r\u00edos) menos conocidos y de m\u00e1s prolongados estiajes, algunos tan prolongados como que nadie vi\u00f3 discurrir el agua por sus cauces. Mogotes, lomas alargadas y redondeadas por la erosi\u00f3n del viento constante, dunas, pedregales y zonas de vegetaci\u00f3n raqu\u00edtica y escasa; escasa pero vegetaci\u00f3n, terreno todo \u00e9l, en donde las unidades del Tercio 3\u00ba pod\u00edan desembarazadamente y con holgura entrenarse.<\/p>\n<p align=\"JUSTIFY\">Respecto al <i>poblado legionario<\/i> del Aai\u00fan, estaba habitado en su totalidad por familias de legionarios, Cabos y Cabos Primeros casados. El continuo desvelo que siempre manifest\u00f3 el mando por el bienestar de estas familias, culmin\u00f3 en la gran obra que fue este poblado legionario. Estaba situado a unos 200 metros del acuartelamiento, en un lugar despejado y muy id\u00f3neo dentro de las caracter\u00edsticas especiales de este territorio.<\/p>\n<p align=\"JUSTIFY\">Constaba de 55 viviendas en perfectas condiciones de habitabilidad, dotadas de cocina, comedor, servicios, dos o tres habitaciones-dormitorios (las hab\u00eda de dos tipos) y patio. Todas ellas dispon\u00edan de un completo servicio de suministro de agua y electricidad. A los hijos del personal cuyos ingresos eran inferiores a 8.000 pesetas, se les facilitaba alimentaci\u00f3n completa, consistente en desayuno, comida, merienda y cena. Como complemento, el poblado ten\u00eda anexo un colegio infantil, parque de atracciones, Alcald\u00eda y circulo recreativo. El colegio estaba regentado por un individuo de tropa, en posesi\u00f3n de t\u00edtulo de maestro de ense\u00f1anza primaria, recibiendo educaci\u00f3n preescolar los hijos del personal residente, cuyas edades oscilaban entre los cuatro y los seis a\u00f1os. Es decir que en el Aai\u00fan no solo se mantuvo la tradici\u00f3n de disponer de un poblado al lado del cuartel para la tropa casada, como ocurri\u00f3 en <i>Krimda<\/i>, sino que incluso mejor\u00f3 en prestaciones.<\/p>\n<p align=\"JUSTIFY\"><span style=\"font-family: 'Trebuchet MS'; font-size: large;\">Otro aspecto que el 3<\/span><span style=\"font-family: 'Trebuchet MS'; font-size: large;\">er Tercio cuid\u00f3 mucho en la \u00e9poca del Sahara fue la magn\u00edfica <i>Sala de Banderas<\/i>, templo de glorias y depositaria de la virtud, del honor, la heroicidad y el valor, donde se concentraron todos los recuerdos hist\u00f3ricos que pose\u00eda el Tercio, convirti\u00e9ndola en un peque\u00f1o museo. En una monumental y art\u00edstica vitrina estaba colocada la Bandera Nacional con la Corbata de San Fernando y Medallas Militares, rodeada de los Guiones del Tercio y Banderas. En una bell\u00edsima urna, el Libro de Honor del Tercio, en el que hab\u00eda numerosas firmas de Ministros y otras personalidades que hab\u00edan realizado visitas a este Tercio y que utilizaron sendas plumas de colores, como los antiguos Tercios, para estampar sus aut\u00f3grafos. El mobiliario, las paredes, los techos, todo era del m\u00e1s puro estilo espa\u00f1ol, como en los tiempos de D. Juan de Austria y Felipe II.<\/span><\/p>\n<p align=\"JUSTIFY\"><i>Los torreones de Sidi Buya<\/i> se estrenaron en 1975 y se pagaron con los beneficios de los trapicheos en la frontera de <i>Tah<\/i>, anteriormente mencionados.<\/p>\n<p align=\"JUSTIFY\">La Bandera de descanso en las Rehoyas<\/p>\n<p align=\"JUSTIFY\">Otro acuartelamiento que quiz\u00e1s no se conozca mucho, por no ser duradero, es el de las <i>Rehoyas<\/i> en Las Palmas de Gran Canaria, de cuya explanada o plaza de armas pueden hablar los legionarios que formaban una nueva Bandera, la de <i>Descanso<\/i>, con una C\u00eda del 3\u00ba Tercio y otra del 4\u00ba Tercio, relev\u00e1ndose cada 15 d\u00edas. Al parecer este procedimiento de obligar a <i>cambiar de aires<\/i> a unidades org\u00e1nicas, traslad\u00e1ndolas medio mes a Canarias con car\u00e1cter rotatorio, s\u00f3lo dur\u00f3 unos dos a\u00f1os al principio de llegar al Sahara.<\/p>\n<p><span style=\"font-family: 'Trebuchet MS'; font-size: small;\"><span style=\"font-family: 'Trebuchet MS'; font-size: small;\"><span style=\"font-family: 'Trebuchet MS'; font-size: small;\"><span style=\"font-family: 'Trebuchet MS'; font-size: small;\">\u00a0 \u00a0\u00a0<\/span><\/span><\/span><\/span><\/p>\n","protected":false},"excerpt":{"rendered":"<p>DEL NORTE DE \u00c1FRICA AL \u00c1FRICA OCCIDENTAL: SAHARA, 1958-1975 CUARTELES DEL TERCERO EN EL AAI\u00daN El Aai\u00fan, la capital del Sahara El Aai\u00fan fue la base principal del Tercio sahariano D. Juan de Austria, 3\u00ba de la Legi\u00f3n. El nombre de esta poblaci\u00f3n viene del plural de ain que significa fuente o manantial. Deb\u00eda su [&hellip;]<\/p>\n","protected":false},"author":1,"featured_media":0,"parent":0,"menu_order":0,"comment_status":"closed","ping_status":"closed","template":"","meta":{"ocean_post_layout":"","ocean_both_sidebars_style":"","ocean_both_sidebars_content_width":0,"ocean_both_sidebars_sidebars_width":0,"ocean_sidebar":"","ocean_second_sidebar":"","ocean_disable_margins":"enable","ocean_add_body_class":"","ocean_shortcode_before_top_bar":"","ocean_shortcode_after_top_bar":"","ocean_shortcode_before_header":"","ocean_shortcode_after_header":"","ocean_has_shortcode":"","ocean_shortcode_after_title":"","ocean_shortcode_before_footer_widgets":"","ocean_shortcode_after_footer_widgets":"","ocean_shortcode_before_footer_bottom":"","ocean_shortcode_after_footer_bottom":"","ocean_display_top_bar":"default","ocean_display_header":"default","ocean_header_style":"","ocean_center_header_left_menu":"","ocean_custom_header_template":"","ocean_custom_logo":0,"ocean_custom_retina_logo":0,"ocean_custom_logo_max_width":0,"ocean_custom_logo_tablet_max_width":0,"ocean_custom_logo_mobile_max_width":0,"ocean_custom_logo_max_height":0,"ocean_custom_logo_tablet_max_height":0,"ocean_custom_logo_mobile_max_height":0,"ocean_header_custom_menu":"","ocean_menu_typo_font_family":"","ocean_menu_typo_font_subset":"","ocean_menu_typo_font_size":0,"ocean_menu_typo_font_size_tablet":0,"ocean_menu_typo_font_size_mobile":0,"ocean_menu_typo_font_size_unit":"px","ocean_menu_typo_font_weight":"","ocean_menu_typo_font_weight_tablet":"","ocean_menu_typo_font_weight_mobile":"","ocean_menu_typo_transform":"","ocean_menu_typo_transform_tablet":"","ocean_menu_typo_transform_mobile":"","ocean_menu_typo_line_height":0,"ocean_menu_typo_line_height_tablet":0,"ocean_menu_typo_line_height_mobile":0,"ocean_menu_typo_line_height_unit":"","ocean_menu_typo_spacing":0,"ocean_menu_typo_spacing_tablet":0,"ocean_menu_typo_spacing_mobile":0,"ocean_menu_typo_spacing_unit":"","ocean_menu_link_color":"","ocean_menu_link_color_hover":"","ocean_menu_link_color_active":"","ocean_menu_link_background":"","ocean_menu_link_hover_background":"","ocean_menu_link_active_background":"","ocean_menu_social_links_bg":"","ocean_menu_social_hover_links_bg":"","ocean_menu_social_links_color":"","ocean_menu_social_hover_links_color":"","ocean_disable_title":"default","ocean_disable_heading":"default","ocean_post_title":"","ocean_post_subheading":"","ocean_post_title_style":"","ocean_post_title_background_color":"","ocean_post_title_background":0,"ocean_post_title_bg_image_position":"","ocean_post_title_bg_image_attachment":"","ocean_post_title_bg_image_repeat":"","ocean_post_title_bg_image_size":"","ocean_post_title_height":0,"ocean_post_title_bg_overlay":0.5,"ocean_post_title_bg_overlay_color":"","ocean_disable_breadcrumbs":"default","ocean_breadcrumbs_color":"","ocean_breadcrumbs_separator_color":"","ocean_breadcrumbs_links_color":"","ocean_breadcrumbs_links_hover_color":"","ocean_display_footer_widgets":"default","ocean_display_footer_bottom":"default","ocean_custom_footer_template":"","footnotes":""},"class_list":["post-544","page","type-page","status-publish","hentry","entry"],"yoast_head":"<!-- This site is optimized with the Yoast SEO plugin v27.4 - https:\/\/yoast.com\/product\/yoast-seo-wordpress\/ -->\n<title>Cuarteles en El Aaiun -<\/title>\n<meta name=\"robots\" content=\"index, follow, max-snippet:-1, max-image-preview:large, max-video-preview:-1\" \/>\n<link rel=\"canonical\" href=\"https:\/\/amigosdeltercertercio.com\/web\/cuarteles-en-el-aaiun\/\" \/>\n<meta property=\"og:locale\" content=\"es_ES\" \/>\n<meta property=\"og:type\" content=\"article\" \/>\n<meta property=\"og:title\" content=\"Cuarteles en El Aaiun -\" \/>\n<meta property=\"og:description\" content=\"DEL NORTE DE \u00c1FRICA AL \u00c1FRICA OCCIDENTAL: SAHARA, 1958-1975 CUARTELES DEL TERCERO EN EL AAI\u00daN El Aai\u00fan, la capital del Sahara El Aai\u00fan fue la base principal del Tercio sahariano D. Juan de Austria, 3\u00ba de la Legi\u00f3n. El nombre de esta poblaci\u00f3n viene del plural de ain que significa fuente o manantial. Deb\u00eda su [&hellip;]\" \/>\n<meta property=\"og:url\" content=\"https:\/\/amigosdeltercertercio.com\/web\/cuarteles-en-el-aaiun\/\" \/>\n<meta property=\"article:modified_time\" content=\"2014-04-21T16:27:47+00:00\" \/>\n<meta name=\"twitter:card\" content=\"summary_large_image\" \/>\n<meta name=\"twitter:label1\" content=\"Tiempo de lectura\" \/>\n\t<meta name=\"twitter:data1\" content=\"14 minutos\" \/>\n<script type=\"application\/ld+json\" class=\"yoast-schema-graph\">{\"@context\":\"https:\\\/\\\/schema.org\",\"@graph\":[{\"@type\":\"WebPage\",\"@id\":\"https:\\\/\\\/amigosdeltercertercio.com\\\/web\\\/cuarteles-en-el-aaiun\\\/\",\"url\":\"https:\\\/\\\/amigosdeltercertercio.com\\\/web\\\/cuarteles-en-el-aaiun\\\/\",\"name\":\"Cuarteles en El Aaiun -\",\"isPartOf\":{\"@id\":\"https:\\\/\\\/amigosdeltercertercio.com\\\/web\\\/#website\"},\"datePublished\":\"2014-04-20T17:57:57+00:00\",\"dateModified\":\"2014-04-21T16:27:47+00:00\",\"breadcrumb\":{\"@id\":\"https:\\\/\\\/amigosdeltercertercio.com\\\/web\\\/cuarteles-en-el-aaiun\\\/#breadcrumb\"},\"inLanguage\":\"es\",\"potentialAction\":[{\"@type\":\"ReadAction\",\"target\":[\"https:\\\/\\\/amigosdeltercertercio.com\\\/web\\\/cuarteles-en-el-aaiun\\\/\"]}]},{\"@type\":\"BreadcrumbList\",\"@id\":\"https:\\\/\\\/amigosdeltercertercio.com\\\/web\\\/cuarteles-en-el-aaiun\\\/#breadcrumb\",\"itemListElement\":[{\"@type\":\"ListItem\",\"position\":1,\"name\":\"Home\",\"item\":\"https:\\\/\\\/amigosdeltercertercio.com\\\/web\\\/\"},{\"@type\":\"ListItem\",\"position\":2,\"name\":\"Cuarteles en El Aaiun\"}]},{\"@type\":\"WebSite\",\"@id\":\"https:\\\/\\\/amigosdeltercertercio.com\\\/web\\\/#website\",\"url\":\"https:\\\/\\\/amigosdeltercertercio.com\\\/web\\\/\",\"name\":\"\",\"description\":\"\",\"potentialAction\":[{\"@type\":\"SearchAction\",\"target\":{\"@type\":\"EntryPoint\",\"urlTemplate\":\"https:\\\/\\\/amigosdeltercertercio.com\\\/web\\\/?s={search_term_string}\"},\"query-input\":{\"@type\":\"PropertyValueSpecification\",\"valueRequired\":true,\"valueName\":\"search_term_string\"}}],\"inLanguage\":\"es\"}]}<\/script>\n<!-- \/ Yoast SEO plugin. -->","yoast_head_json":{"title":"Cuarteles en El Aaiun -","robots":{"index":"index","follow":"follow","max-snippet":"max-snippet:-1","max-image-preview":"max-image-preview:large","max-video-preview":"max-video-preview:-1"},"canonical":"https:\/\/amigosdeltercertercio.com\/web\/cuarteles-en-el-aaiun\/","og_locale":"es_ES","og_type":"article","og_title":"Cuarteles en El Aaiun -","og_description":"DEL NORTE DE \u00c1FRICA AL \u00c1FRICA OCCIDENTAL: SAHARA, 1958-1975 CUARTELES DEL TERCERO EN EL AAI\u00daN El Aai\u00fan, la capital del Sahara El Aai\u00fan fue la base principal del Tercio sahariano D. Juan de Austria, 3\u00ba de la Legi\u00f3n. El nombre de esta poblaci\u00f3n viene del plural de ain que significa fuente o manantial. Deb\u00eda su [&hellip;]","og_url":"https:\/\/amigosdeltercertercio.com\/web\/cuarteles-en-el-aaiun\/","article_modified_time":"2014-04-21T16:27:47+00:00","twitter_card":"summary_large_image","twitter_misc":{"Tiempo de lectura":"14 minutos"},"schema":{"@context":"https:\/\/schema.org","@graph":[{"@type":"WebPage","@id":"https:\/\/amigosdeltercertercio.com\/web\/cuarteles-en-el-aaiun\/","url":"https:\/\/amigosdeltercertercio.com\/web\/cuarteles-en-el-aaiun\/","name":"Cuarteles en El Aaiun -","isPartOf":{"@id":"https:\/\/amigosdeltercertercio.com\/web\/#website"},"datePublished":"2014-04-20T17:57:57+00:00","dateModified":"2014-04-21T16:27:47+00:00","breadcrumb":{"@id":"https:\/\/amigosdeltercertercio.com\/web\/cuarteles-en-el-aaiun\/#breadcrumb"},"inLanguage":"es","potentialAction":[{"@type":"ReadAction","target":["https:\/\/amigosdeltercertercio.com\/web\/cuarteles-en-el-aaiun\/"]}]},{"@type":"BreadcrumbList","@id":"https:\/\/amigosdeltercertercio.com\/web\/cuarteles-en-el-aaiun\/#breadcrumb","itemListElement":[{"@type":"ListItem","position":1,"name":"Home","item":"https:\/\/amigosdeltercertercio.com\/web\/"},{"@type":"ListItem","position":2,"name":"Cuarteles en El Aaiun"}]},{"@type":"WebSite","@id":"https:\/\/amigosdeltercertercio.com\/web\/#website","url":"https:\/\/amigosdeltercertercio.com\/web\/","name":"","description":"","potentialAction":[{"@type":"SearchAction","target":{"@type":"EntryPoint","urlTemplate":"https:\/\/amigosdeltercertercio.com\/web\/?s={search_term_string}"},"query-input":{"@type":"PropertyValueSpecification","valueRequired":true,"valueName":"search_term_string"}}],"inLanguage":"es"}]}},"_links":{"self":[{"href":"https:\/\/amigosdeltercertercio.com\/web\/wp-json\/wp\/v2\/pages\/544","targetHints":{"allow":["GET"]}}],"collection":[{"href":"https:\/\/amigosdeltercertercio.com\/web\/wp-json\/wp\/v2\/pages"}],"about":[{"href":"https:\/\/amigosdeltercertercio.com\/web\/wp-json\/wp\/v2\/types\/page"}],"author":[{"embeddable":true,"href":"https:\/\/amigosdeltercertercio.com\/web\/wp-json\/wp\/v2\/users\/1"}],"replies":[{"embeddable":true,"href":"https:\/\/amigosdeltercertercio.com\/web\/wp-json\/wp\/v2\/comments?post=544"}],"version-history":[{"count":2,"href":"https:\/\/amigosdeltercertercio.com\/web\/wp-json\/wp\/v2\/pages\/544\/revisions"}],"predecessor-version":[{"id":693,"href":"https:\/\/amigosdeltercertercio.com\/web\/wp-json\/wp\/v2\/pages\/544\/revisions\/693"}],"wp:attachment":[{"href":"https:\/\/amigosdeltercertercio.com\/web\/wp-json\/wp\/v2\/media?parent=544"}],"curies":[{"name":"wp","href":"https:\/\/api.w.org\/{rel}","templated":true}]}}