{"id":620,"date":"2014-04-20T21:26:23","date_gmt":"2014-04-20T21:26:23","guid":{"rendered":"https:\/\/amigosdeltercertercio.com\/web\/?page_id=620"},"modified":"2014-04-21T16:43:10","modified_gmt":"2014-04-21T16:43:10","slug":"curiosidades-y-anecdotas-almeria","status":"publish","type":"page","link":"https:\/\/amigosdeltercertercio.com\/web\/curiosidades-y-anecdotas-almeria\/","title":{"rendered":"Curiosidades y An\u00e9cdotas (Almer\u00eda)"},"content":{"rendered":"<p align=\"center\">DE ISLE\u00d1O A PENINSULAR: ALMER\u00cdA, 1996-2003<\/p>\n<p align=\"center\">\n<p align=\"JUSTIFY\"><strong>CURIOSIDADES DE LA \u00c9POCA DE ALMER\u00cdA<\/strong><\/p>\n<p align=\"JUSTIFY\">Ante SAR y SSMM los Reyes de Espa\u00f1a<\/p>\n<p align=\"JUSTIFY\">En esta \u00e9poca del Tercio en Almer\u00eda han sido numerosas las ocasiones en las que unidades tipo C\u00eda, Bandera o el Tercio al completo, han rendido honores o desfilado ante SAR el Pr\u00edncipe de Asturias o SSMM los Reyes de Espa\u00f1a con motivo de visitas oficiales, despedidas o recepciones tras el cumplimiento de misiones de paz o bien por participar en el desfile del d\u00eda de las FFAA o de la Fiesta Nacional.<\/p>\n<p align=\"JUSTIFY\">As\u00ed en el Desfile de las Fuerzas Armadas efectuado en Madrid con motivo del d\u00eda de la Hispanidad, el 12 de octubre de 1998, desfil\u00f3 al mando del Coronel Jefe del 3er Tercio, Garc\u00eda Moreno, la PLMM y la VIII Bandera, mientras que el 12 de octubre de 2000 fue la VII Bandera la que desfil\u00f3 con el 2\u00ba Tercio. El d\u00eda de las FFAA de este mismo a\u00f1o la 6\u00aa C\u00eda de la VIII hab\u00eda participado en Cartagena en los actos organizados por tal motivo, desfilando ante los Reyes de Espa\u00f1a. Asimismo, un a\u00f1o m\u00e1s tarde el 12 de octubre de 2001 particip\u00f3 tambi\u00e9n el Coronel Jefe del 3er Tercio, Morala Albaladejo, con la PLMM y VIII Bandera. El Coronel Bataller Alventosa lo hizo en octubre del 2003 pero s\u00f3lo con el Gui\u00f3n del Tercio y parte de la PLMM pues desfilaba una Bandera mixta del N\u00facleo de la BRILEG compuesta por una C\u00eda de la Bandera del Cuartel General, una del Grupo Log\u00edstico y una Bater\u00eda del Grupo de Artiller\u00eda, encontr\u00e1ndose gran parte del Tercio en Irak formando el GT <i>D. Juan de Austria<\/i>.<\/p>\n<p align=\"JUSTIFY\">Ya en Viator (Almer\u00eda), SSMM los Reyes visitaron esta base el 20 de septiembre de 1995 donde formaron la 2\u00aa C\u00eda y la 8\u00aa C\u00eda, que ya se encontraban destacadas desde Fuerteventura. Justo un a\u00f1o m\u00e1s tarde, en el aniversario de 1996, form\u00f3 todo el Tercio, incorporado a primeros de a\u00f1o a Almer\u00eda, junto al resto de las unidades de la Brigada de la Legi\u00f3n <i>Rey Alfonso XIII <\/i>ante los Reyes de Espa\u00f1a. En lo que respecta al SAR el Pr\u00edncipe Felipe visit\u00f3 esta base en abril de 2002, rindi\u00e9ndole honores la 6\u00aa Compa\u00f1\u00eda de la VIII Bandera. Por otra parte, lo que es ya fuera de Almer\u00eda la 5\u00aa Compa\u00f1\u00eda de la VII Bandera al mando del Capit\u00e1n Gabari rindi\u00f3 honores a SAR el Pr\u00edncipe de Asturias el Jueves Santo de la Semana Santa de 1996, en M\u00e1laga, durante la salida procesional del Sant\u00edsimo Cristo de la Buena Muerte, protector de la Legi\u00f3n.<\/p>\n<p align=\"JUSTIFY\"><b><span style=\"text-decoration: underline;\">De la entrega de llave a la Ballesta y Arcabuz<\/span><\/b><\/p>\n<p align=\"JUSTIFY\">Se trata de una costumbre exclusiva del 3er Tercio en el \u00e1mbito de la Legi\u00f3n. Una vez al a\u00f1o, normalmente tras la incorporaci\u00f3n de los Oficiales a su salida de las Academias, o bien aprovechando los festejos del 20 de septiembre, se reun\u00edan los Oficiales del Tercio con objeto de que el m\u00e1s moderno entre los que nunca hubieran estado en la Legi\u00f3n, incorporados durante el \u00faltimo a\u00f1o, recibiera, de manos del que se encontraba en la misma situaci\u00f3n en el a\u00f1o anterior, una ballesta igual que la del emblema de la Legi\u00f3n, de tama\u00f1o real (luego hablar\u00e9 de la llave del Tercio). Este arma quedaba bajo su custodia y en dep\u00f3sito hasta que al a\u00f1o siguiente se produjese el relevo. El saliente deb\u00eda pronunciar una peque\u00f1a alocuci\u00f3n en la que, p\u00fablicamente, ante el Sr. Coronel y resto de Jefes y Oficiales, instase a los nuevos compa\u00f1eros a ser fieles cumplidores de sus obligaciones como Oficiales y como legionarios. Por cierto que un suculento vino espa\u00f1ol, abonado por los entrantes, esperaba mientras tanto la orden de ataque.<\/p>\n<p align=\"JUSTIFY\">El Oficial que recib\u00eda la ballesta deb\u00eda colgarle una cinta con una inscripci\u00f3n <i>po\u00e9tica <\/i>del acontecimiento, se\u00f1alando lo que en ese momento sent\u00eda. A continuaci\u00f3n todos los Oficiales incorporados el \u00faltimo a\u00f1o iban pasando por el <i>saliente <\/i>que les llenaba un casco de <i>leche de pantera<\/i> que deb\u00edan tragarse de un tir\u00f3n, mientras los presentes gritaban<i> \u00a1glu, glu, glu,&#8230; <\/i>La \u00fanica salida, poco digna pero permitida, para aquellos que fueron incapaces de tragarse todo el contenido del casco, era aguantar el chapuz\u00f3n de <i>leche de pantera<\/i> derram\u00e1ndosela desde la cabeza por todo el cuerpo al colocarse el casco semilleno, todo ello, repito, s\u00f3lo en el caso de no haber sido vaciado previamente por ingesti\u00f3n. No obstante siempre exist\u00edan valientes capaces de beberse este enorme recipiente. Esta tradici\u00f3n viene al parecer de los primeros tiempos del Sahara (a\u00f1o 1959, o 60).<\/p>\n<p align=\"JUSTIFY\">Respecto a los Suboficiales, esta costumbre fue m\u00e1s reciente (a\u00f1o 1986), haci\u00e9ndose entrega y custodiando en este caso la otra parte del emblema de la Legi\u00f3n, esto es, el arcabuz. Se remonta a las primeras incorporaciones de Suboficiales no legionarios, debido a que la idea original, al igual que ocurr\u00eda con los Oficiales, era darles un primer ba\u00f1o de Legi\u00f3n a los mandos no legionarios<i>.<\/i> El acto era id\u00e9ntico en cuanto a la entrega del arma, custodia, pronunciamiento de alocuci\u00f3n y bebida de un casco de <i>leche de pantera<\/i>.<\/p>\n<p align=\"JUSTIFY\">Me queda la duda de s\u00ed en sus or\u00edgenes, esta costumbre de la ballesta sirviese como motivo de despedida de los Oficiales cuando dejaban el Tercio, de ah\u00ed que entre las cintas colgadas exista una del Capit\u00e1n D. Jos\u00e9 Mart\u00ednez Mance\u00f1\u00eddo, fechada el 10 de enero de 1966 en el Aai\u00fan, que dice 30-VI-58 a 30-IX-62 (se supone que era Teniente) y 15-VI-64 a 30-XII-65 (parece su regreso y despedida como Capit\u00e1n), escribiendo la frase: S<i>iempre con vosotros y con la Legi\u00f3n \u00a1viva la heroica Legi\u00f3n!.<\/i><\/p>\n<p align=\"JUSTIFY\">Pero quiz\u00e1s una de las frases m\u00e1s emotivas corresponda al Teniente D. Manuel de Lara Cimadevilla, 20-12-61 a 26-04-66 que escribi\u00f3: C<i>u\u00e1ndo viviendo de ilusiones crees estar viviendo la m\u00e1s bella de las realidades, \u00bfqu\u00e9 poder misterioso y qu\u00e9 impulso sobrenatural tendr\u00e1 tu nombre, Legi\u00f3n?. Tu Credo, tu carisma, tu esencia ser\u00e1 siempre mi gu\u00eda.<\/i> <i>Hasta pronto, hasta siempre. <\/i>Luego cuando visit\u00f3 la Brigada de la Legi\u00f3n, ya de Teniente General Jefe de la Fuerza de Maniobra, el 28-03-00, se le ense\u00f1\u00f3 la ballesta con su cinta de Teniente y escribi\u00f3 otra frase: <i>Los a\u00f1os pasan, pero las ilusiones permanecen, porque la Legi\u00f3n es ilusi\u00f3n. Gracias VIII Bandera, porque en ella aprend\u00ed a ser militar, gracias, Bandera de Colon, porque ella gui\u00f3 mi vida, gracias Legi\u00f3n, porque sigues siendo Legi\u00f3n<\/i>.<\/p>\n<p align=\"JUSTIFY\">Tras escribir estas l\u00edneas, cual ser\u00eda mi sorpresa que al encontrarme con el Coronel Jim\u00e9nez Reigada de la \u00e9poca de Larache, pues estuvo de Teniente en el 3er Tercio en 1954-58, me dijo que en aquella \u00e9poca no exist\u00eda \u00e9sta costumbre de la entrega de la ballesta sino que en el relevo del Oficial m\u00e1s moderno lo que se traspasaba, y lo que quedaba en custodia, era la <i>Llave del Tercio<\/i> construida con madera y de gran tama\u00f1o, desconociendo cuantos a\u00f1os atr\u00e1s se venia produciendo este hecho tan peculiar. Pudo ocurrir perfectamente que el Oficial en posesi\u00f3n de la llave fuera de los que en el 58 no march\u00f3 al Sahara (al darse la opci\u00f3n a los cuadros de mando del 3er Tercio de quedarse en <i>Riffien<\/i> en el 2\u00ba Tercio), y de ah\u00ed que en el desierto se echara mano de una ballesta de un emblema de la Legi\u00f3n, perdi\u00e9ndose as\u00ed una costumbre y naciendo otra a cambio.<\/p>\n<p align=\"JUSTIFY\">Pero mayor fue mi sorpresa cuando hablando con el Coronel Girona, tambien de la \u00e9poca de Larache pero m\u00e1s antiguo que el Coronel Reigada, se remont\u00f3 a unos or\u00edgenes m\u00e1s lejanos pues me dijo que era costumbre en el 3er Tercio a la llegada de los nuevos Tenientes realizar <i>el reconocimiento de firma<\/i>. La VII Promoci\u00f3n fue la primera que lleg\u00f3 en bloque a su primer destino, el 20 de enero de 1953; los antiguos les acompa\u00f1aban al almac\u00e9n de vestuario a proveerse de lo apropiado, gorrillo, tela verde, camisas, guantes de manopla, <i>galleta<\/i> de la respectiva Bandera, etc.; todos los pagos se hac\u00edan mediante el correspondiente <i>vale<\/i> que la dependencia, con posterioridad, pasaba a Caja quien a fin de mes lo deduc\u00eda de la n\u00f3mina y lo que quedaba era el l\u00edquido que conten\u00eda el <i>sobre de paga<\/i>. Esta visita al almac\u00e9n sol\u00eda ser en la ma\u00f1ana del d\u00eda de la presentaci\u00f3n, por la tarde hab\u00eda una solemne reuni\u00f3n de la <i>tenientada<\/i> en la Residencia y all\u00ed, cada antiguo iba convenciendo a los reci\u00e9n llegados a que deb\u00edan hacerse <i>reconocer la firma<\/i> para el cumplimiento de lo adquirido en el almac\u00e9n y su paso por Caja. Lo que se firmaba era un <i>vale en blanco con efecto en el bar de la Residencia<\/i>, de tal modo que todo lo preparado y consumido en la feliz reuni\u00f3n era a costa de los <i>nuevos Tenientes<\/i>.<\/p>\n<p align=\"JUSTIFY\"><span style=\"font-family: 'Trebuchet MS'; font-size: large;\">A la salida de la VIII Promoci\u00f3n no hubo incorporaciones al 3er Tercio, por lo que continu\u00f3 un a\u00f1o m\u00e1s el Teniente Girona Olmos siendo el m\u00e1s moderno hasta el 20 de enero de 1955, fecha en la que se presentaron los Tenientes de la IX Promoci\u00f3n. A la ceremonia del <i>reconocimiento de firma<\/i> se a\u00f1adi\u00f3 la de entrega, por primera vez, de <i>la Llave<\/i> que el m\u00e1s moderno recib\u00eda del Teniente que hasta ese momento lo hab\u00eda sido. De la IX Promoci\u00f3n custodi\u00f3 <i>la Llave<\/i> el Teniente Arturo Armada Sarri\u00e1 y no se la entreg\u00f3 el Teniente Girona, ausente en Jaca realizando el Curso de Monta\u00f1a, por lo que se la di\u00f3 el Teniente Fern\u00e1ndez de Lis quien, sin duda dada su imaginaci\u00f3n y arte, debi\u00f3 ser el inventor del hecho. Esta custodia se fue realizando sucesivamente por los Tenientes m\u00e1s modernos de cada promoci\u00f3n durante la permanencia en <i>Krimda<\/i> del Tercio. Al parecer fue la XII Promoci\u00f3n la \u00faltima que recibi\u00f3 <i>la Llave<\/i> en Larache. En definitiva, con la edici\u00f3n de este libro en el 2003 se cumple el Aniversario del nacimiento de esta costumbre t\u00edpica y exclusiva del Tercio <i>D. Juan de Austria.<\/i><\/span><\/p>\n<p align=\"JUSTIFY\"><span style=\"font-family: 'Trebuchet MS'; font-size: large;\"><b>Legionarios m\u00e1s veteranos en el 2003<\/b><\/span><\/p>\n<p align=\"JUSTIFY\">En el a\u00f1o 2003, con motivo de la desaparici\u00f3n en su d\u00eda de la escala de mandos legionarios, en el 3\u00ba Tercio solo quedaban los Capitanes legionarios Manuel Mosquete Camero(ingres\u00f3 en la Legi\u00f3n en 1971), D. Pedro Ruiz Gonz\u00e1lez ingres\u00f3 en (1972), D. Antonio Cant\u00f3n Cisneros ingres\u00f3 en (1975), D. Javier Men\u00e9ndez Mozo ingres\u00f3 en (1976), el Sargento 1\u00ba D. Angel Lorenzo Mart\u00ednez ingres\u00f3 en (1980), todos ellos, menos el Capit\u00e1n Mosquete, pertenecientes a\u00fan a la Escala Legionaria.<\/p>\n<p align=\"JUSTIFY\">Respecto a la tropa, el m\u00e1s antiguo en el <i>D. Juan de Austria<\/i>, a fecha de junio del 2003, lo es el Cabo Mayor D. Julio Plaza Mercado (ingres\u00f3 en el a\u00f1o 1967) seguido del Cabo 1\u00ba D. Jos\u00e9 Guinea Guinea (1970), el Cabo Mayor D. Antonio Soler Mart\u00ednez (1970), Cabo D. Victoriano Novas Salgueiro (1972), Cabo Mayor D. Francisco P\u00e9rez Teruel (1974), Cabo 1\u00ba D Jose Otero Quiroga (1977), Cabo 1\u00ba D. El\u00edas Castro Gonz\u00e1lez (1977), Cabo D. Angel Marcos Inserman (1978), Cabo Mayor D. Juan Arienza Santos (1978), Cabo Mayor D. Juan Vizca\u00edno del Rosario (1980), Cabo D. Andree Cornile (1980),Cabo Mayor D. Juan Garrido Felipe (1980). Respecto a los que llevan m\u00e1s de 10 a\u00f1os de Legi\u00f3n en esta fecha citaremos, hasta completar un total de 37, a los Cabos 1\u00ba Cort\u00e9s, Dias Gon\u00e7alves Torrealba, P\u00e9rez Ruiz, Jatta, De la Cuesta, D\u00edaz Arriado, Paulino O\u2019nsue, Ali Mohamed, Villalba, Ap\u00f3stol Ion, Lobo, Bohopo, Alfa So, Saut\u00f3ho, Ontiyuelo, Yedri, Escrib\u00e1, Campos, Alonso, G\u00f3mez, Mart\u00edn Urbaneja, Colmenero, Rodr\u00edguez Prieto y Dafonte.<\/p>\n<p align=\"JUSTIFY\">Por \u00faltimo, con la desaparici\u00f3n de la escala legionaria desapreci\u00f3 tambi\u00e9n la base de suboficiales legionarios que alimentaban el esp\u00edritu y costumbres del cuerpo. A modo de ejemplo, actualmente (2003) los cuadros de mando del 3er Tercio que llevan en la Legi\u00f3n entre 5 y 8 a\u00f1os son 2 Tenientes Coroneles, 2 Comandantes, 6 Capitanes, 4 Tenientes, 1 Suboficial Mayor, 13 Subtenientes, 13 Brigadas, 14 Sargentos 1\u00ba, y 9 Sargentos. Entre 9 y 12 a\u00f1os, 1 Coronel, 1 Comandante, 3 Capitanes, 1 Teniente, 3 Subtenientes, 1 Brigada, 12 Sargentos 1\u00ba, y 4 Sargentos. A partir de ah\u00ed, es decir entre 13 y 16 a\u00f1os, solo existen 2 Brigadas, y entre 17 y 20, 1 Teniente Coronel y 1 Comandante. Por \u00faltimo entre 21 y 24, 1 Sargento 1\u00ba, (el \u00fanico de la escala legionaria) y entre 25 y 30, los 5 Capitanes legionarios ya mencionados anteriormente.<\/p>\n<p align=\"JUSTIFY\">Los citados cuadros de mando suman un total de 100, es decir, que el resto hasta 156 que tiene en Fuerza de revista el Tercio llevan menos de 4 a\u00f1os en la Legi\u00f3n (m\u00e1s de la tercera parte).<\/p>\n<p align=\"JUSTIFY\"><b>Las primeras damas Legionarias<\/b><\/p>\n<p align=\"JUSTIFY\">Las tres primeras mujeres que vistieron de verde en el 3\u00ba Tercio fueron Oficiales m\u00e9dicos, la Tte D\u00f1a. Pilar Hern\u00e1ndez Frutos (1990-93) que coincide ser la primera dama de toda la Legi\u00f3n, la Tte D\u00f1a. Carmen Fern\u00e1ndez Ar\u00ed\u00f1ez (1993-95) y la Cap. D\u00f1a. Carmen P\u00e9rez Ram\u00edrez (1996-00). As\u00ed pues Mar\u00eda del Pilar Hern\u00e1ndez Frutos, a sus 29 a\u00f1os de edad y natural de Zaragoza, fue la primera mujer que como militar profesional y con el empleo de Teniente se incorpor\u00f3 a la Legi\u00f3n, Perteneciendo al Cuerpo de Sanidad Militar de la Defensa y siendo destinada como Oficial M\u00e9dico al Tercio <i>D. Juan de Austria<\/i>, en Fuerteventura.<\/p>\n<p align=\"JUSTIFY\">Lo hizo en Puerto del Rosario (Fuerteventura) el 13 de agosto de 1990 en el Tercio 3\u00ba, al que fue destinada por R.10687\/140\/90 de 11 de Julio. Pas\u00f3 a la 9 C\u00eda de la VIII Bandera <i>Col\u00f3n,<\/i> haci\u00e9ndose cargo, adem\u00e1s, de la Jefatura de Sanidad del Acuartelamiento. Particip\u00f3 en los ejercicios OTAN <i>Drag\u00f3n Hammer<\/i> en la isla de Cerde\u00f1a en mayo de 1991.Tuvo el honor de portar la Ense\u00f1a Nacional de su Tercio el 15 de febrero de 1992 y form\u00f3 parte de la Agrupaci\u00f3n T\u00e1ctica <i>Canarias<\/i> en Bosnia-Herzegovina en el a\u00f1o 1993. El 6 de octubre de 1993 caus\u00f3 baja en el Tercio por destino a otra unidad. No obstante, particip\u00f3 nuevamente, junto a unidades de la Legi\u00f3n, en Albania en el a\u00f1o 1997.<\/p>\n<p align=\"JUSTIFY\">Se daba la circunstancia de que con las nuevas leyes de profesionalizaci\u00f3n de todo el Ej\u00e9rcito, en el R\u00e9gimen de Personal de Tropa inicialmente no se contemplaba la incorporaci\u00f3n de la mujer al Ej\u00e9rcito (voluntariado especial). Luego, al ser ya admitida en general, tampoco pod\u00edan ser destinadas a determinadas unidades operativas, como era el caso de los Tercios de la Legi\u00f3n. Posteriormente cambi\u00f3 esta normativa y se igualaron las condiciones de ingreso sin discriminaci\u00f3n de sexo, motivo por el que, en lo relativo a tropa, en enero de 1999 ingres\u00f3 en la VIII Bandera la primera dama legionaria destinada al 3er Tercio, D\u00f1a. Consolaci\u00f3n Trinidad Gay (resoluci\u00f3n 12\/99), seguida por las damas Beatriz Gonz\u00e1lez, Bego\u00f1a Fern\u00e1ndez, M\u00f3nica Vega y Lorena Sola que ya se incorporaron en el 2000.<\/p>\n<p align=\"JUSTIFY\">Por su parte, la primera Cabo del 3er Tercio lo fue Concepci\u00f3n Hidalgo S\u00e1nchez, destinada en junio de 2001 (1C\u00eda VII Bandera), dando la casualidad que en abril del 2003 tambi\u00e9n ser\u00e1 la primera dama en alcanzar el empleo de Cabo1\u00ba en el 3er Tercio. Perteneciente al equipo de pentatl\u00f3n femenino obtuvo muy buenos resultados desde el a\u00f1o 1999, logrando estar en el 1\u00bapuesto del Ej\u00e9rcito de Tierra en el 2002 y 2003.<\/p>\n<p align=\"JUSTIFY\">Al escribir estas l\u00edneas (junio del 2003) el 3\u00ba Tercio cuenta en sus filas con un total de 15 damas legionarias.(posteriormente se han incorporado 6 damas hispanoamericanas y la primera \u00c1lferez de Infanter\u00eda D\u00f1a. Victoria A. P\u00e9rez Sances como militar de empleo (antigua escala de complemento)<\/p>\n<p align=\"JUSTIFY\"><b>Otero: el eterno conductor del Sr. Coronel<\/b><\/p>\n<p align=\"JUSTIFY\"><span style=\"font-family: 'Trebuchet MS'; font-size: large;\">El Cabo 1\u00ba Otero ha sido desde la llegada del 3er Tercio a Fuerteventura el eterno conductor del Sr Coronel Jefe del Tercio. Empez\u00f3 con el Coronel D. Tom\u00e1s Pall\u00e1s Sierra en 1976 y en el 2003 contin\u00faa de conductor del actual Coronel del Tercio D. Vicente Bataller Alventosa, que pasa a ser el n\u00famero trece de la lista de Jefes de Tercio a los que ininterrumpidamente ha prestado sus servicios. Atento, educado, servicial, pendiente del m\u00e1s m\u00ednimo detalle, es el conductor ideal para un Coronel pues el hecho de estar soltero y vivir en el cuartel le convierte en un conductor disponible las 24 horas del d\u00eda, los 365 d\u00edas del a\u00f1o. Todos los Coroneles me consta que,al igual que yo, le tienen mucho aprecio. Forma parte de ese grupo de conductores de los Jefes de Tercio y de la Brigada de la Legi\u00f3n, expertos, maduros por su edad y sobre todo de la <i>vieja escuela <\/i>donde no hay horarios ni o\u00eddos para lo que escuchan hablar en la fila de atr\u00e1s de su veh\u00edculo. A esta misma escuela pertenecen, en el caso de la BRILEG, el Cabo 1\u00ba Facundo, conductor de S.E. y Anula, del Coronel del 4\u00ba Tercio. Otero ingres\u00f3 en 1972 y actualmente (2003), es el m\u00e1s antig\u00fco del Ejercito en este empleo (26 a\u00f1os de Cabo 1\u00ba , desde 1977).<\/span><\/p>\n<p align=\"JUSTIFY\"><span style=\"font-family: 'Trebuchet MS'; font-size: large;\"><b>El Sr. Vicens Llorca: un hist\u00f3rico del Tercero<\/b><\/span><\/p>\n<p align=\"JUSTIFY\"><span style=\"font-family: 'Trebuchet MS'; font-size: large;\">El \u00ab<i>Sr. Vicens\u00bb<\/i>. tras abandonar su inicial vocaci\u00f3n religiosa ingres\u00f3 en el 3er Tercio en Larache, luego estuvo en el Sahara muchos a\u00f1os hasta que le lleg\u00f3 la edad del retiro<\/span><span style=\"font-family: 'Trebuchet MS'; font-size: large;\">tras ejercer en su \u00faltima etapa como guarnicionero y sastre. El Coronel Tim\u00f3n trat\u00f3 de ponerse en contacto con sus familiares, que dieron la callada por respuesta pensando que iba a ser una carga familiar, pero al enterarse de que el Sr. Vicens (antes conocido como Llorca) ten\u00eda una suculenta cartilla, fruto de sus ahorros se mostraron muy interesados, a lo cual el Coronel contest\u00f3 que ya ten\u00eda una familia que cuidar\u00eda de \u00e9l esto es, El Tercer Tercio, cosa que ha hecho hasta nuestros d\u00edas).<\/span> <span style=\"font-family: 'Trebuchet MS'; font-size: large;\">En la gota fr\u00eda de 1981 (seg\u00fan otra versi\u00f3n fue en la riada del Turia) y consiguiente riada que rompi\u00f3 el pantano de Tous, inund\u00f3 su pueblo, perdi\u00f3 a su familia, quedando muy afectado e incluso algo trastornado por tal fat\u00eddico trance. Cogi\u00f3 la maleta y se march\u00f3 a Fuerteventura (la otra versi\u00f3n habla del Aai\u00fan) para alistarse de nuevo a la Legi\u00f3n.<\/span><\/p>\n<p align=\"JUSTIFY\">Su edad se lo imped\u00eda pero su nueva familia, la legionaria, no pod\u00eda dejarle abandonado, acogi\u00e9ndole en su seno, d\u00e1ndole alojamiento y rancho como si de nuevo estuviera en la lista de revista. De Fuerteventura se traslad\u00f3 a Almer\u00eda en 1996 y all\u00ed permaneci\u00f3 con su carrito de la limpieza y su mono legionario manteniendo en buen estado de polic\u00eda a las calles del Tercio <i>Juan de Austria, <\/i>dando novedades a los mandos que iba encontr\u00e1ndose, habl\u00e1ndoles de Mill\u00e1n Astray, de Franco, del Rey Alfonso XIII, del desierto,&#8230; hasta que un fin de semana apareci\u00f3 con medio cuerpo paralizado en su habitaci\u00f3n. Se le llev\u00f3 a tiempo al hospital pero aquello fue la voz de alarma, el Sr. Vicens con sus setenta y muchos a\u00f1os merec\u00eda un cuidado especial. Tras su recuperaci\u00f3n, fue trasladado en diciembre de 2002 a una Residencia de la 3\u00aa edad, muy pr\u00f3xima al Cuartel de la Legi\u00f3n para que estuviera bien atendido y pr\u00f3ximo a los legionarios de su querido Tercio. All\u00ed parece que es feliz, pues precisamente se acord\u00f3 con la directora de la Residencia que le dejara seguir con su carrito limpiando el establecimiento y eso le mantiene en forma y distraido. La \u00faltima aparici\u00f3n por el Tercio (antes de editar este libro) fue el 18 de septiembre del 2003 que el Coronel Bataller en persona lo llev\u00f3 a ver el Boxeo legionario, tan t\u00edpico y tradicional del Tercero y despu\u00e9s el festival donde actuaban las Sexboom pero el Sr Vicens ya echaba de menos la tranquilidad de su Residencia y tras el boxeo prefiri\u00f3 irse con sus abueletes antes que quedarse a ver a las cuatro <i>bombones.<\/i><\/p>\n<p align=\"JUSTIFY\">Ratko: el loro m\u00e1s \u00abkie\u00bb (Sgt. 1\u00ba Mill\u00e1n)<\/p>\n<p align=\"JUSTIFY\">All\u00e1 por el mes de abril de 1994 la 2\u00aa C\u00eda. de la VII Bandera incorpor\u00f3 a su lista de revista en Puerto del Rosario un <i>legionario<\/i> algo peculiar. No sab\u00eda hablar, ni desfilar, ni saludar&#8230; pero presentaba unas caracter\u00edsticas muy diferentes a los dem\u00e1s: ten\u00eda alas, cola roja y pico, era un papagayo gris africano. Como carec\u00eda de nombre, el Capit\u00e1n Esteban que entonces<b> <\/b>mandaba la Compa\u00f1\u00eda, lo bautiz\u00f3 como <i>Ratko Mladic<\/i> (denominaci\u00f3n susceptible a todo tipo de opiniones). Su entrada en la Compa\u00f1\u00eda fue como la de cualquier legionario que llega nuevo: incertidumbre, desorientaci\u00f3n y a la espera de lo que se va a encontrar. Poco a poco se fue integrando perfectamente a las broncas, al estilo y al ritmo de vida de la Legi\u00f3n. Participaba activamente en todas las maniobras y ejercicios de la 2\u00aa Compa\u00f1\u00eda, en los desfiles y en alg\u00fan que otro acontecimiento en el cual su presencia era, cuanto menos, curiosa.<\/p>\n<p align=\"JUSTIFY\">A finales de 1995 se traslad\u00f3 con su unidad a la plaza de <i>Viator<\/i> para formar parte, como todos, de la Brigada de la Legi\u00f3n \u00ab<i>Rey Alfonso XIII<\/i>\u00ab. Tras un periodo de adaptaci\u00f3n al nuevo clima y tras alg\u00fan susto que otro (dos gatos quer\u00edan ajustarle las cuentas), particip\u00f3 en su primera misi\u00f3n internacional formando parte de KSPBAT (jul 99 &#8211; ene 00), permaneciendo en zona de operaciones durante los 6 meses que dur\u00f3 dicha misi\u00f3n. Fue el \u00fanico que no tuvo permiso, pese a lo cual no sufri\u00f3 ning\u00fan tipo de problema psicol\u00f3gico que seguro m\u00e1s de uno hubiera tenido si no llega a disfrutar de tal relajamiento. M\u00e1s tarde, en abril de 2001 volvi\u00f3 a tomar parte en una nueva misi\u00f3n en Kosovo y Macedonia, esta vez con la <i>C\u00eda Austria<\/i> formada sobre la base de la 2\u00aa C\u00eda. (abr 01- oct 01), estando siempre presente en las distintas misiones que se le iban encomendando a dicha C\u00eda.<\/p>\n<p align=\"JUSTIFY\">Es un ejemplo a seguir por muchos, ya que en sus 9 a\u00f1os que lleva en la Segunda no se ha rebajado nunca, obedece las \u00f3rdenes que se le dan, algunas veces con un poco de indisciplina, pero las obedece. No ha sido sancionado nunca y no se queja de nada. Casi siempre est\u00e1 de buen humor y ayuda a sus compa\u00f1eros a levantar el \u00e1nimo en las circunstancias dif\u00edciles y cumple fielmente con el Credo Legionario.<\/p>\n<p align=\"JUSTIFY\">Pese a todas las virtudes expuestas, ha sido al \u00fanico al que no le han concedido ninguna distinci\u00f3n ni medalla pese haber participado en dos misiones internacionales y en todas y cada una de las maniobras y ejercicios de la 2\u00aa C\u00eda. (siendo el \u00fanico que ha asistido a todas desde 1994). Realmente se merece algo m\u00e1s que un simple: \u00a1<i>Ese es el loro de la 2\u00aa C\u00eda!<\/i>. Es algo m\u00e1s que <i>la Mascota de la Segunda<\/i>, al igual que durante muchos a\u00f1os un <i>hom\u00f3logo<\/i> suyo, el <i>loro de Smara<\/i> fue la mascota de la <i>Valenzuela<\/i>.<\/p>\n<p align=\"JUSTIFY\">Por cierto, actualmente (sept 2003) <i>Ratko Mladic<\/i> se encuentra en Irak con su 2\u00aa C\u00eda formando parte del GT <i>D. Juan de Austria <\/i>. Es m\u00e1s el loro sali\u00f3 por los telediarios nacionales al hombro del Ministro de Defensa (Sr Trillo) mientras \u00e9ste hablaba a los medios de comunicaci\u00f3n el d\u00eda que visit\u00f3 a las fuerzas all\u00ed destacadas.<\/p>\n<p align=\"JUSTIFY\"><b>Enero 2003: primer encuentro de veteranos<\/b><\/p>\n<p align=\"JUSTIFY\">La Brigada de la Legi\u00f3n desde hace unos a\u00f1os realiza un acto conmemorativo del combate de Edchera que seg\u00fan lo expuesto en el cap\u00edtulo cuarto tuvo lugar el 13 de Enero de 1958. Aprovechando esta efem\u00e9ride el Tercio \u00abD. Juan de Austria\u00bb propuso convertir este acto en un <i>Encuentro de Veteranos <\/i>invitando al mismo a los antiguos cuadros de mando y legionarios que a trav\u00e9s de los tiempos sirvieron en las filas del Tercero. La iniciativa requer\u00eda en primer lugar <i>invitar<\/i> a los interesados y esto no resultaba f\u00e1cil por varios motivos.<\/p>\n<p align=\"JUSTIFY\">En primer lugar por no estar informatizadas las direcciones de los legionarios que en miles de carpetas llenas de expedientes figuran en los archivos del Tercio. Adem\u00e1s las direcciones de la \u00e9poca de Larache y S\u00e1hara o incluso Fuerteventura cab\u00edan suponer que no estaban actualizadas pues normalmente figuraban la de los padres de los legionarios, muchos de aquellos ya fallecidos. Por otra parte los cuadros de mando ya retirados es imposible localizarlos al no figurar sus direcciones en ning\u00fan estamento militar. Los que est\u00e1n en al reserva, controlados por las Delegaciones de Defensa, tampoco resulta tan f\u00e1cil su localizaci\u00f3n al desconocer en que provincia residen.<\/p>\n<p align=\"JUSTIFY\">Total que ante tantos inconvenientes se opt\u00f3 por, en un primer paso hacia delante , informatizar las direcciones de los legionarios de modernos a m\u00e1s antiguos, alcanzando la cifra de unos 2500(hasta el S\u00e1hara), a los que se les remiti\u00f3 la oportuna carta de los que devolvieron todas menos unas 8000. En este sentido, como Coronel quiero agradecer desde estas p\u00e1ginas al Subteniente Alguacil, jefe de la primera Secci\u00f3n de la PLMM del Tercio, y a todos sus Suboficiales y tropa subordinada el gran esfuerzo que supuso el pasar de lso archivos a un programa informativo todas estas direcciones. Estoy seguro que esos 8000 antiguos legionarios que recibieron la carta tambi\u00e9n agradecer\u00e1n este detalle de que su Tercio se acuerde de ellos.<\/p>\n<p align=\"JUSTIFY\">Respecto a los cuadros de mando no quedaba ninguna constancia de su paso por el Tercio, por lo que no se pudo invitar a nadie(l\u00f3gicamente a algunos de los que \u00faltimamente estuvieron destinados en el Tercio se les conoce a nivel particular pero la gran mayor\u00eda no se dispone su direcci\u00f3n).<\/p>\n<p align=\"JUSTIFY\">Este <i>Encuentro de Veteranos <\/i>se anunci\u00f3 tambi\u00e9n a trav\u00e9s de las Hermandades de Antiguos Caballeros Legionarios de toda Espa\u00f1a. Al final acudieron a la llamada alrededor de 2000 personas a las que, adem\u00e1s del <i>S\u00e1bado Legionario<\/i> y el acto en recuerdo del <i>Combate de Edchera,<\/i> las Escuadras de Gastadores del Tercio les hicieron una exhibici\u00f3n, la Banda de Guerra toc\u00f3 marchas militares, la m\u00fasica ofreci\u00f3 un concierto, y el Tercio abri\u00f3 unas Compa\u00f1\u00edas con exposiciones de todo tipo de material y un gran n\u00famero de fotograf\u00edas.<\/p>\n<p align=\"JUSTIFY\">Este primer <i>, <\/i>desde el \u00e9xito obtenido, parece que va a continuar en ediciones futuras. De momento para el S\u00e1bado m\u00e1s pr\u00f3ximo al 13 de enero del 2004 probablemente se convoquen el <i>II Encuentro de Veteranos, <\/i>lo ideal es que se hiciera extensivo para el resto de Tercios y unidades de la BRILEG, de modo que la Legi\u00f3n tenga tambi\u00e9n su d\u00eda para los antiguos legionarios. Los que lean este libro, aunque no recib\u00e1is invitaci\u00f3n, quiz\u00e1s por desconocer vuestra direcci\u00f3n, llamar por tel\u00e9fono, confirmad que esta iniciativa perdura y venid a la base de la Brigada de la Legi\u00f3n, reuniros con vuestros compa\u00f1eros de armas y con vuestros antiguos mandos.<\/p>\n<p align=\"JUSTIFY\">Recordad viejos tiempos, cantad los himnos y no olvidaros de traer el viejo <i>chapiri.<\/i><\/p>\n<p align=\"JUSTIFY\">ANECDOTAS DE LA EPOCA DE ALMER\u00cdA<\/p>\n<p align=\"JUSTIFY\">Un WC Aerotransportable (Cor. Bataller)<\/p>\n<p align=\"JUSTIFY\">Ocurri\u00f3 que durante el ejercicio multinacional <i>Dynamic-Mix 2002<\/i>,<i> <\/i>llevado a cabo en el campo de maniobras de San Gregorio en Zaragoza, tanto por parte espa\u00f1ola como por la norteamericana se alquilaron <i>waters qu\u00edmicos<\/i> ante la escasez de \u00e1rboles en la zona donde ocultarse a la hora de <i>poner el huevo<\/i>. Estos fueron distribuidos estrat\u00e9gicamente por todos los vivacs con una clara diferencia num\u00e9rica a favor del Ej\u00e9rcito USA dotado, seg\u00fan parece, de mayor presupuesto econ\u00f3mico para tales menesteres. El hecho es que a una unidad legionaria le tocaron dos WC mientras que a los <i>marines<\/i> que acampaban pr\u00f3ximos les correspondieron 15 o 20. Un legionario <i>listillo<\/i>, harto de guardar cola en la zona espa\u00f1ola <i>se col\u00f3<\/i>, valga la expresi\u00f3n, en el \u00faltimo WC del \u00e1rea americana donde la disponibilidad de wateres libres era casi del 100%. Cerr\u00f3 la puerta e inici\u00f3 tranquilamente la tan esperada acci\u00f3n de desahogo que le hab\u00eda llevado all\u00ed, sin agobios, sabiendo que nadie estaba en lista de espera.<\/p>\n<p align=\"JUSTIFY\">De repente, para asombro suyo, el legionario observ\u00f3 como el WC no s\u00f3lo se mov\u00eda, sino que adem\u00e1s ascend\u00eda hacia el cielo oblig\u00e1ndole a interrumpir s\u00fabitamente su feliz estancia. Se levant\u00f3, abri\u00f3 la puerta y desde el aire, con una mano sujet\u00e1ndose los pantalones semilevantados y con la otra agarr\u00e1ndose a donde mejor pudo para no caerse con tanto movimiento, mirando hacia abajo vi\u00f3 a un <i>marine <\/i>grandull\u00f3n y de color m\u00e1s negro que el carb\u00f3n manejando un <i>toro<\/i>. El americano masticaba chicle y mov\u00eda la cabeza siguiendo un ritmo musical pues llevaba unos auriculares puestos.<\/p>\n<p align=\"JUSTIFY\">El yanqui sin tener conocimiento de que el WC estaba ocupado, hab\u00eda iniciado su traslado hacia otro lugar, es decir que el WC adem\u00e1s de a\u00e9reo era m\u00f3vil. Los gritos y maldiciones del legionario debieron ser tan fuertes que al final lograron traspasar la barrera de los auriculares procediendo el <i>marine<\/i>, tras ver la cara de pocos amigos del legionario, a descender r\u00e1pidamente el WC de nuevo al suelo. Seg\u00fan comentarios posteriores el citado legionario ya no volvi\u00f3 a utilizar ning\u00fan otro <i>water qu\u00edmico<\/i> durante el resto de las maniobras, recurriendo desde entonces al tradicional sistema de <i>a lo lejos y al aire libre<\/i>, que si bien resulta m\u00e1s indiscreto tambi\u00e9n es mucho m\u00e1s seguro por aquello de pisar terreno firme. Luego ya actu\u00f3 el General de la BRILEG pidiendo un informe al Jefe de la unidad respondiendo \u00e9ste en t\u00e9rminos acordes con c\u00f3mico suceso, siendo ambos escritos dignos de ser guardados en el museo de la Legi\u00f3n para goce de las generaciones venidoras que las pudieran leer.<\/p>\n<p align=\"JUSTIFY\">El Coronel \u00abretenido\u00bb en T\u2019Zenin (Cor. Bataller)<\/p>\n<p align=\"JUSTIFY\">A finales de junio de 2003 el Coronel Bataller Jefe del 3er Tercio, aprovechando un viaje a Ceuta para asistir a la entrega de mando del Regimiento de Regulares al Cor. Pedro Palomino (veterano legionario de seguro conocido por muchos lectores), se escap\u00f3 el d\u00eda anterior a Marruecos para sentir la emoci\u00f3n de <i>ver<\/i> y <i>estar<\/i> en los antiguos cuarteles del Tercio en la \u00e9poca de Larache, descritos por \u00e9l en este libro pero solo de o\u00eddas por lo que le hab\u00edan contado veteranos del <i>D. Juan de Austria<\/i>. El abogado Joaqu\u00edn S\u00e1nchez, un legionario de honor y apasionado de todo lo que huela a Legi\u00f3n le acompa\u00f1aba. Alquilaron los servicios de un moro de Ceuta que les traslad\u00f3 en un Mercedes y por un m\u00f3dico precio siguiendo la ruta <i>Ceuta, Tetuan, T\u2019Zenin, Krimda, Larache,<\/i> y regreso por la costa pasando por <i>Arcila.<\/i><\/p>\n<p align=\"JUSTIFY\">El conductor moro daba por hecho que antes \u00f3 despu\u00e9s nos encontrar\u00edamos con alg\u00fan polic\u00eda que preguntar\u00eda el motivo de nuestra estancia por la zona, raz\u00f3n por la que conven\u00eda tener un <i>plan antiinterrogatorios <\/i>con los mismos argumentos por parte de los tres viajeros. C\u00f3mo era cierto se acord\u00f3 decir, en su caso, que quer\u00edamos ver los antiguos cuarteles de la Legi\u00f3n, pues conocimos a gente que antes estuvo all\u00ed y nos hab\u00eda hablado de ellos. Al aconsejar no revelar la condici\u00f3n de militar (para no dar a pie a confundirnos con esp\u00edas haciendo fotos), se convino que el Coronel dijera ser Profesor de Educaci\u00f3n F\u00edsica (al ser verdad por estar licenciado en esta materia).<\/p>\n<p align=\"JUSTIFY\">Pues bien, al llegar a <i>T\u2019Zenin<\/i> el antiguo cuartel del Tercio, actualmente convertido parcialmente en granja de gallinas y la explanada de delante en un inmenso vi\u00f1edo, estaba vallado y no se pod\u00eda pasar a su interior. Tras un regateo con el guarda, se le abon\u00f3 una <i>prima <\/i>y el Coronel Bataller entr\u00f3 con una c\u00e1mara e hizo todas las fotos que quiso. De regreso al pueblo, aparcaron el coche en medio de <i>T\u2019Zenin<\/i> y con su amigo Joaqu\u00edn dieron una vuelta imaginando donde estaban los cafetines y cantinas descritas en el libro. Una foto por aqu\u00ed, otra por all\u00ed, no demasiadas pues tampoco hab\u00eda muchas im\u00e1genes interesantes. Ya a punto de subir al coche, vinieron unos musulmanes de paisano(uno hablaba espa\u00f1ol) y empezaron a preguntar el por qu\u00e9 estabamos all\u00ed.<\/p>\n<p align=\"JUSTIFY\">Uno de ellos lleg\u00f3 un momento que requiri\u00f3 los nombres a lo que el Coronel se neg\u00f3, subiendo al coche todo enfadado e indic\u00e1ndole al conductor que arrancase para irse de all\u00ed. Entonces uno de los paisanos le dijo en \u00e1rabe al moro-conductor que era polic\u00eda y que deb\u00edamos de haber pedido permiso para hacer fotos en el pueblo (y eso que no sab\u00eda lo del antiguo cuartel), que fu\u00e9ramos a la comisar\u00eda y nos arreglar\u00eda lo de la autorizaci\u00f3n. El conductor nos aconsej\u00f3 que le hici\u00e9ramos caso pues de lo contrario dar\u00eda la matricula por radio y nos detendr\u00edan en el primer cruce (en cada cruce de carreteras era normal encontrarse un control de polic\u00eda).<\/p>\n<p align=\"JUSTIFY\">De modo que all\u00ed fueron los tres sospechosos, empezando a realizar preguntas, teniendo que poner en marcha el plan antiinterrogatorios aconsejado por el moro ceut\u00ed. Vino el Jefe de polic\u00eda en cuesti\u00f3n, ya con uniforme, y volvieron a realizar las mismas preguntas y luego se present\u00f3 un tercer jefe y m\u00e1s de lo mismo. La <i>retenci\u00f3n<\/i> dur\u00f3 dos horas aproximadamente, eso s\u00ed, les invitaron a un t\u00e9 y nunca fueron descorteses. El Coronel Bataller les expuso claramente que desde all\u00ed pensaba ir a fotografiar la zona del <i>Krimda <\/i>indic\u00e1ndole en que comisar\u00eda ten\u00eda que solicitar esta vez el permiso. Pero al llegar a la misma, le dijeron que no, que para hacer fotos por esa zona hab\u00eda que solicitarlo en una especie de Gobierno civil de Larache, donde al llegar ya hab\u00edan cerrado las oficinas.<\/p>\n<p align=\"JUSTIFY\">Total, que al final en contra de la opini\u00f3n del moro-conductor y de su amigo Joaqu\u00edn, el Coronel se fue a el <i>Krimda,<\/i> tambi\u00e9n convertido en granja rodeada de una valla y de nuevo soborn\u00f3 al vigilante pasando a continuaci\u00f3n a fotografiar y a sentir la emoci\u00f3n de ver sus dependencias, durante muchos a\u00f1os llenas de <i>vida legionaria<\/i>. Un paseo por la plaza de Espa\u00f1a de <i>Larache<\/i>, por el barrio de <i>Nador<\/i>, por el <i>Zoco chico<\/i> y por el puerto viendo como se segu\u00eda cruzando en barcas a la otra banda del r\u00edo <i>Lucus <\/i>fueron la culminaci\u00f3n de una emotiva jornada. Desde estas p\u00e1ginas quiero agradecer a la Polic\u00eda marroqu\u00ed el que no me quiten los carretes de fotos pues de este modo los lectores podr\u00e1n ver algunas fotograf\u00edas actuales de los pioneros acuartelamientos del tercio de Larache.<\/p>\n<p align=\"JUSTIFY\"><b>Una multa de 25 millones (Cor. Bataller)<\/b><\/p>\n<p align=\"JUSTIFY\">Durante el ejercicio <i>Maderal <\/i>de control de zona, llevado a cabo por el Grupo T\u00e1ctico <i>Valenzuela<\/i> y desarrollado en las <i>Alpujarras almerienses<\/i>, llov\u00eda much\u00edsimo y los convoyes de camiones y BMR por caminos de monta\u00f1a era dificultoso. En la zona exist\u00eda una carretera en obras que en una ocasi\u00f3n tuvo que ser utilizada por un convoy legionario, dada la escasez de comunicaciones. En cualquier caso, al final las maniobras acabaron <i>sin novedad<\/i>. Pero transcurridos dos meses al Capit\u00e1n Legionario Fernando Medero de la 4\u00aa C\u00eda de Servicios de la VII le lleg\u00f3 un atento escrito de la Junta de Andaluc\u00eda, con el correspondiente membrete y sello oficial.<\/p>\n<p align=\"JUSTIFY\">En el mismo se le comunicaba que reunida la comisi\u00f3n de Obras P\u00fablicas de la Junta hab\u00edan acordado por unanimidad llevar a tramite ante el correspondiente Juzgado la denuncia formulada contra el citado Capit\u00e1n que el d\u00eda 21 de diciembre de 2002, al frente de un convoy de veh\u00edculos militares hab\u00edan circulado por la carretera comarcal en construcci\u00f3n a la altura de&#8230; produciendo unos destrozos en la calzada reci\u00e9n reparada que se elevaban a un total de 150000 euros (25000000 pts). Cabe se\u00f1alar que en el escrito se daban toda clase de informaci\u00f3n del importe detallado de los destrozos ocasionados, de que el nombre del Capit\u00e1n hab\u00eda sido facilitado por el conductor del \u00faltimo veh\u00edculo alcanzado y detenido por uno de los trabajadores responsables de la obra (se justific\u00f3 lo del \u00faltimo veh\u00edculo ante la imposibilidad de adelantar al resto de veh\u00edculos hasta llegar al primero donde iba el Capit\u00e1n).<\/p>\n<p align=\"JUSTIFY\">Todo parec\u00eda tan real que cuando el Capit\u00e1n Medero fue sudando todo sofocado al Tcol Jefe de su Bandera y \u00e9ste, tras leer los <i>papeles<\/i> de la Junta, tambi\u00e9n se <i>lo trag\u00f3<\/i> y a su vez fue de inmediato al despacho del Coronel Bataller, Jefe del Tercio, para darle parte y ver como se intentaba solucionar el problem\u00f3n pues pod\u00edan embargar de inmediato la casa del Capit\u00e1n. \u00bfC\u00f3mo era posible que de algo tan grave nadie hubiera comunicado nada hasta entonces? El Coronel tambi\u00e9n se lo crey\u00f3 durante unos momentos y empez\u00f3 a pensar en como solucionar el problema, contratar un abogado que asesorase ,&#8230; hasta que apareci\u00f3 Medero ya desinflado. Se trataba de una broma de un Subteniente de la 4\u00aa C\u00eda que conociendo el susto que le iba a dar a su Capit\u00e1n (con el que ten\u00eda mucha confianza) se aprovech\u00f3 de un familiar que trabaja en la Junta de Andaluc\u00eda para conseguir papeles que parec\u00edan aut\u00e9nticos. El Coronel y el Tcol acabaron en risas por la tomadura de pelo al Capit\u00e1n que de rebote hab\u00eda llegado hasta las altas esferas.<\/p>\n<p align=\"JUSTIFY\">Contrabando de Kalasnikov (Cor Bataller)<\/p>\n<p align=\"JUSTIFY\">Durante unos ejercicios t\u00e1cticos con americanos y h\u00fangaros la VII Bandera ten\u00eda agregadas una C\u00eda de marines y otra de h\u00fangaros. Los legionarios como siempre se <i>enrollaban<\/i> bien con unos y otros. En estas colaboraciones en las que se trabaja codo con codo con fuerzas especiales de otros pa\u00edses es normal el intercambio de prendas (que luego se reponen compr\u00e1ndolas en el cuartel) como chambergos, navajas multiuso, cinturones, cantimploras, botas, etc. Concretamente los h\u00fangaros acabaron todos formando con el chambergo legionario muy apropiado, por cierto, para combatir el fuerte calor del mes de junio en tierras de Zaragoza.<\/p>\n<p align=\"JUSTIFY\">En los temas de fuego real <i>no hab\u00eda color.<\/i> Los ataques y asaltos legionarios sorprend\u00edan a unos y a otros. Los h\u00fangaros que estuvieron m\u00e1s tiempo coincidiendo con los espa\u00f1oles se integraron totalmente y estaban encantados con la <i>\u00abValenzuela\u00bb.<\/i> Todo iba muy bien hasta que a la Divisi\u00f3n lleg\u00f3 un confidencial \u00ab<i>se ten\u00eda conocimiento de que se estaban realizando<\/i> <i>intercambios de fusiles Kalasnikov de los h\u00fangaros por grifa de los legionarios\u00bb.<\/i><\/p>\n<p align=\"JUSTIFY\">Se alert\u00f3 al Jefe de la VII Bandera que tras las averiguaciones pertinentes no averigu\u00f3 nada, pero desde arriba se segu\u00eda insistiendo. Al final se lleg\u00f3 a descubrir la verdad. Se trataba de la historia de siempre, originada por alguien que nunca ha estado en la Legi\u00f3n y que teme que los legionarios seguro que montan un n\u00famero. En este caso fue un Comandante de la Secci\u00f3n de Inteligencia que hab\u00eda <i>escuchado campanas<\/i> cuando un Oficial h\u00fangaro que pas\u00f3 por el Puesto de Mando de la Divisi\u00f3n coment\u00f3, en plan gracioso, que un legionario, tomando un refresco con un h\u00fangaro, le propuso cambiar el fusil Kalasnikov h\u00fangaro por el HK espa\u00f1ol \u00f3 algo similar. La informaci\u00f3n fue deterior\u00e1ndose hasta el extremo de darse ya por un hecho cierto el intercambio de fusiles por grifa. Y como la Legi\u00f3n sigue siendo la Legi\u00f3n, todos los <i>pistolos<\/i> (con perd\u00f3n) se lo creyeron. Que quer\u00e9is que os diga, que me alegro, pues si alg\u00fan d\u00eda la Legi\u00f3n pierde sus encantos que tiene de ser <i>temida <\/i>(y no s\u00f3lo por el enemigo) ya no ser\u00e1 Legi\u00f3n.<\/p>\n<p align=\"JUSTIFY\"><b>Una m\u00e9dico en apuros (Cor. Bataller)<\/b><\/p>\n<p align=\"JUSTIFY\">En unas maniobras de la Brigada de la Legi\u00f3n en San Gregorio (Zaragoza) agregaron a una Teniente M\u00e9dico procedente de una unidad de Artiller\u00eda de Madrid por falta de facultativos en la Legi\u00f3n. A unos mandos se les ocurri\u00f3 la feliz idea de cavar un agujero en el suelo, pr\u00f3ximo a la tienda y uno de ellos, vestido con el mono de trabajo, meti\u00f3 la pierna hasta la altura de la rodilla en el citado agujero, tap\u00e1ndola y cortando esa parte del mono para construir una pierna (la pantorrilla) falsa con bota incluida que se situ\u00f3 muy pr\u00f3xima pero un poco separada de la rodilla, de modo que tumbado boca arriba en el suelo, con las dos piernas extendidas, una de ellas cortada a la altura de la rodilla y sin poder imaginarse el escondite de la pierna buena en el agujero, aquello cuadraba perfectamente en la semioscuridad de la noche.<\/p>\n<p align=\"JUSTIFY\">Encima se les ocurri\u00f3 la feliz idea, no s\u00f3lo de empastar la parte de la rodilla que se ve\u00eda con tomate muy rojo, simulando un destrozo carnal, sino que un compa\u00f1ero agachado que sujetaba la pierna accidentada, con una maquinilla peque\u00f1a de engrase de veh\u00edculos, debidamente colocada debajo de la rodilla amputada, soltaba chorrillos de sangre (liquido rojo) que sal\u00eda de la zona de la <i>entomatada<\/i>, valga el calificativo, como si de una vena cortada se tratase.<\/p>\n<p align=\"JUSTIFY\">Comprobado el escenario y tras los correspondientes ensayos se inici\u00f3 la obra teatral. La Teniente M\u00e9dico estaba en una tienda pr\u00f3xima y escuch\u00f3 un fuerte ruido, como un atropello \u00f3 la ca\u00edda de un artilugio pesado al suelo y a continuaci\u00f3n sonaron voces \u00bfqu\u00e9 ha pasado? \u00a1un accidente! \u00a1cuidado est\u00e1 gravemente herido! \u00a1no moverlo! \u00a1se va a desangrar! \u00a1un m\u00e9dico, llamar a un m\u00e9dico!! Todo ello mientras se escuchaban fuertes gritos de dolor. La Teniente cumpliendo con su obligaci\u00f3n cogi\u00f3 el malet\u00edn de primeros auxilios y corriendo se present\u00f3 de inmediato en la zona de los hechos. Hac\u00eda poco que hab\u00eda acabado la carrera y aquel sin duda iba a ser el caso m\u00e1s dificil y complicado que hab\u00eda tenido hasta entonces.<\/p>\n<p align=\"JUSTIFY\">Sent\u00eda que todas las miradas iban hacia ella, esperando que salvase a su compa\u00f1ero. Pero aquello era demasiado. No pod\u00eda disimular su preocupaci\u00f3n. La sangre segu\u00eda emanando a chorros y el malherido no paraba de gritar \u00a1Ay, ay, ay! <i>Act\u00fae r\u00e1pido<\/i>,<i> mi Teniente \u00f3 se desangrar\u00e1<\/i>, le insist\u00edan los compa\u00f1eros del malherido. Nada m\u00e1s empezar a limpiar las heridas y coger la parte de la pierna desprend\u00edda <i>descubri\u00f3 el pastel<\/i>, se puso primero colorada, luego enfadada pero&#8230; un hermoso ramo de flores silvestres ya preparado previamente para bajar los humos, y la explicaci\u00f3n de que en la Legi\u00f3n se gastan bromas a los Oficiales reci\u00e9n incorporados, acab\u00f3 en sonrisas y en el perd\u00f3n por la pesada broma. Esa noche en las novedades a su novio la Tte. M\u00e9dico se alarg\u00f3 cont\u00e1ndole con detalles la haza\u00f1a. Aquello rompi\u00f3 el hielo y durante el resto de las maniobras la M\u00e9dico se sinti\u00f3 como s\u00ed la Legi\u00f3n fuera su propia unidad.<\/p>\n<p align=\"JUSTIFY\">El primer n\u00facleo de control NBQ en operaciones<\/p>\n<p align=\"JUSTIFY\">El Comandante Eugenio Bayo, diplomado en NBQ fu\u00e9, junto con el Subteniente Cirugeda igualmente poseedor del citado curso, ambos pertenecientes a la VII Bandera del Tercio J<i>uan de Austria, <\/i>fueron los primeros mandos que pusieron en marcha, pr\u00e1cticamente por iniciativa propia, el primer n\u00facleo de control NBQ en una zona de operaciones y que, precisamente, vino muy bien con posterioridad cuando surgieron problemas de control de radioactividad por bombardeos de la OTAN en Kosovo. As\u00ed nos lo cuenta:<\/p>\n<blockquote>\n<blockquote>\n<p align=\"JUSTIFY\">\u00abEn la misi\u00f3n del <i>GT Valenzuela<\/i> en <i>Kosovo (Jun99-Ene00)<\/i>, el Comandante Bayo y el Subteniente Cirugeda, llevados por su afici\u00f3n a los temas de NBQ, organizaron el primer n\u00facleo de control NBQ en zona de operaciones. A pesar de que el objetivo era asegurarse de que en los destacamentos de las Compa\u00f1\u00edas y la Bandera, y en las ermitas ortodoxas que se proteg\u00edan las 24 horas, el personal de la Legi\u00f3n y la poblaci\u00f3n civil no sufriera ning\u00fan riesgo por una posible contaminaci\u00f3n radiol\u00f3gica; el cachondeo que tuvieron que soportar los dos especialistas de NBQ no ten\u00eda nombre. Infatigables al desaliento los dos especialistas continuaron semanalmente con su labor de realizar las mediciones de la manera m\u00e1s discreta posible.<\/p>\n<p align=\"JUSTIFY\">Su trabajo consisti\u00f3 en realizar una medici\u00f3n radiol\u00f3gica semanal en todos los lugares donde con car\u00e1cter de permanencia viv\u00eda personal de la Legi\u00f3n. Esta labor tambi\u00e9n se realiz\u00f3 como apoyo a los locales sede de alguna ONG,s que realizaban sus actividades en la Opstina de Istok. El <i>GT Valenzuela<\/i> fue la \u00fanica Unidad de todos los pa\u00edses de la OTAN en Kosovo en organizar y registrar sistem\u00e1ticamente en su \u00e1rea de responsabilidad las intensidades y dosis de las radiaciones de baja intensidad. Lo m\u00e1s horrible fue realizar el relevo cuando termin\u00f3 la misi\u00f3n pues, cuando se hizo la entrega de los detectores y los libros con los registros de las mediciones, las sonrisas de los entrantes eran casi ofensivas.<\/p>\n<p align=\"JUSTIFY\">Finalizada la misi\u00f3n se desencaden\u00f3 en prensa espa\u00f1ola y en la de todo el mundo el <i>hurac\u00e1n<\/i> de soldados que hab\u00eda estado en Kosovo y que padec\u00edan el s\u00edndrome de las radiaciones de baja intensidad por el empleo de la aviaci\u00f3n norteamericana de proyectiles con n\u00facleo de uranio empobrecido. Los especialistas del Tercio realizaron un informe por el que demostraban que nuestros legionarios no hab\u00edan sido expuestos a ning\u00fan tipo de riesgo por radiaci\u00f3n ionizante y posteriormente, tras ser llamados a Madrid por el segundo JEME, recibieron del mismo, adem\u00e1s de una felicitaci\u00f3n verbal, la orden de preparar una conferencia para explicar a las unidades que hab\u00edan relevado a la Legi\u00f3n las medidas que el primer Grupo T\u00e1ctico hab\u00eda realizado.<\/p>\n<p align=\"JUSTIFY\">\u00a1Hab\u00eda llegado la hora de la venganza a las sonrisas en los relevos!. El Comandante y el Subteniente no pod\u00edan ser m\u00e1s felices imagin\u00e1ndose un cine lleno de personal de la otra Brigada con dos conferenciantes vestidos de verde y con carta abierta para poder dar toda la tralla posible contando lo bien que lo hab\u00eda hecho la Legi\u00f3n y que en el auditorio ten\u00edan que estar all\u00ed aguantando el chaparr\u00f3n. Desgraciadamente la revancha no se pudo cumplimentar porque no se sabe ni c\u00f3mo, ni porqu\u00e9, la conferencia fue dada por especialistas NBQ de la FMA de Valencia.<\/p>\n<p align=\"JUSTIFY\">Adem\u00e1s de abrir el camino de los procedimientos NBQ en misiones de mantenimiento de paz, la Brigada de la Legi\u00f3n nuevamente fue la pionera de Espa\u00f1a en la constituci\u00f3n de los n\u00facleos de control de Brigada y Bandera\/Grupo; la recopilaci\u00f3n actualizaci\u00f3n y difusi\u00f3n de la documentaci\u00f3n OTAN en vigor, realizaci\u00f3n de cursos pr\u00e1cticos y te\u00f3ricos tanto en espa\u00f1ol como en ingl\u00e9s, y posteriormente la ejecuci\u00f3n de los correspondientes cursos para n\u00facleo de control de Compa\u00f1\u00eda.<\/p>\n<p align=\"JUSTIFY\">Consecuencia de todas estas acciones, adem\u00e1s de la excelente preparaci\u00f3n de Planas Mayores y de los legionarios, el resultado final ha sido el reconocimiento del elevado nivel de adiestramiento en materia NBQ, por el Ej\u00e9rcito de Tierra espa\u00f1ol y por los dem\u00e1s ej\u00e9rcitos de la OTAN\u00bb.<\/p>\n<\/blockquote>\n<\/blockquote>\n<p>En definitiva, esta iniciativa llevada a cabo por personal del Tercio 3\u00ba sirvi\u00f3 de referencia a los contigentes que con posterioridad desplegaron en Kosovo y de referente para sucesivas operaciones de paz llevadas a cabo por el Ejercito espa\u00f1ol. Al igual que desde hac\u00eda tiempo se hab\u00eda superado la asignatura pendiente de <i>La Log\u00edstica no se trata, <\/i>a partir de esta fecha, y gracias a la labor de un Oficial y un Suboficial del Tercio 3\u00ba, especialistas en esta materia, tambi\u00e9n se pas\u00f3 a tener en cuenta, con la importancia que se merece, <i>el control de los nuevos riesgos NBQ.<\/i><\/p>\n<p><span style=\"font-family: 'Trebuchet MS'; font-size: small;\"><span style=\"font-family: 'Trebuchet MS'; font-size: large;\"><i>\u00a0<\/i> <\/span> <\/span><\/p>\n","protected":false},"excerpt":{"rendered":"<p>DE ISLE\u00d1O A PENINSULAR: ALMER\u00cdA, 1996-2003 CURIOSIDADES DE LA \u00c9POCA DE ALMER\u00cdA Ante SAR y SSMM los Reyes de Espa\u00f1a En esta \u00e9poca del Tercio en Almer\u00eda han sido numerosas las ocasiones en las que unidades tipo C\u00eda, Bandera o el Tercio al completo, han rendido honores o desfilado ante SAR el Pr\u00edncipe de Asturias [&hellip;]<\/p>\n","protected":false},"author":1,"featured_media":0,"parent":0,"menu_order":0,"comment_status":"closed","ping_status":"closed","template":"","meta":{"ocean_post_layout":"","ocean_both_sidebars_style":"","ocean_both_sidebars_content_width":0,"ocean_both_sidebars_sidebars_width":0,"ocean_sidebar":"","ocean_second_sidebar":"","ocean_disable_margins":"enable","ocean_add_body_class":"","ocean_shortcode_before_top_bar":"","ocean_shortcode_after_top_bar":"","ocean_shortcode_before_header":"","ocean_shortcode_after_header":"","ocean_has_shortcode":"","ocean_shortcode_after_title":"","ocean_shortcode_before_footer_widgets":"","ocean_shortcode_after_footer_widgets":"","ocean_shortcode_before_footer_bottom":"","ocean_shortcode_after_footer_bottom":"","ocean_display_top_bar":"default","ocean_display_header":"default","ocean_header_style":"","ocean_center_header_left_menu":"","ocean_custom_header_template":"","ocean_custom_logo":0,"ocean_custom_retina_logo":0,"ocean_custom_logo_max_width":0,"ocean_custom_logo_tablet_max_width":0,"ocean_custom_logo_mobile_max_width":0,"ocean_custom_logo_max_height":0,"ocean_custom_logo_tablet_max_height":0,"ocean_custom_logo_mobile_max_height":0,"ocean_header_custom_menu":"","ocean_menu_typo_font_family":"","ocean_menu_typo_font_subset":"","ocean_menu_typo_font_size":0,"ocean_menu_typo_font_size_tablet":0,"ocean_menu_typo_font_size_mobile":0,"ocean_menu_typo_font_size_unit":"px","ocean_menu_typo_font_weight":"","ocean_menu_typo_font_weight_tablet":"","ocean_menu_typo_font_weight_mobile":"","ocean_menu_typo_transform":"","ocean_menu_typo_transform_tablet":"","ocean_menu_typo_transform_mobile":"","ocean_menu_typo_line_height":0,"ocean_menu_typo_line_height_tablet":0,"ocean_menu_typo_line_height_mobile":0,"ocean_menu_typo_line_height_unit":"","ocean_menu_typo_spacing":0,"ocean_menu_typo_spacing_tablet":0,"ocean_menu_typo_spacing_mobile":0,"ocean_menu_typo_spacing_unit":"","ocean_menu_link_color":"","ocean_menu_link_color_hover":"","ocean_menu_link_color_active":"","ocean_menu_link_background":"","ocean_menu_link_hover_background":"","ocean_menu_link_active_background":"","ocean_menu_social_links_bg":"","ocean_menu_social_hover_links_bg":"","ocean_menu_social_links_color":"","ocean_menu_social_hover_links_color":"","ocean_disable_title":"default","ocean_disable_heading":"default","ocean_post_title":"","ocean_post_subheading":"","ocean_post_title_style":"","ocean_post_title_background_color":"","ocean_post_title_background":0,"ocean_post_title_bg_image_position":"","ocean_post_title_bg_image_attachment":"","ocean_post_title_bg_image_repeat":"","ocean_post_title_bg_image_size":"","ocean_post_title_height":0,"ocean_post_title_bg_overlay":0.5,"ocean_post_title_bg_overlay_color":"","ocean_disable_breadcrumbs":"default","ocean_breadcrumbs_color":"","ocean_breadcrumbs_separator_color":"","ocean_breadcrumbs_links_color":"","ocean_breadcrumbs_links_hover_color":"","ocean_display_footer_widgets":"default","ocean_display_footer_bottom":"default","ocean_custom_footer_template":"","footnotes":""},"class_list":["post-620","page","type-page","status-publish","hentry","entry"],"yoast_head":"<!-- This site is optimized with the Yoast SEO plugin v27.5 - https:\/\/yoast.com\/product\/yoast-seo-wordpress\/ -->\n<title>Curiosidades y An\u00e9cdotas (Almer\u00eda) -<\/title>\n<meta name=\"robots\" content=\"index, follow, max-snippet:-1, max-image-preview:large, max-video-preview:-1\" \/>\n<link rel=\"canonical\" href=\"https:\/\/amigosdeltercertercio.com\/web\/curiosidades-y-anecdotas-almeria\/\" \/>\n<meta property=\"og:locale\" content=\"es_ES\" \/>\n<meta property=\"og:type\" content=\"article\" \/>\n<meta property=\"og:title\" content=\"Curiosidades y An\u00e9cdotas (Almer\u00eda) -\" \/>\n<meta property=\"og:description\" content=\"DE ISLE\u00d1O A PENINSULAR: ALMER\u00cdA, 1996-2003 CURIOSIDADES DE LA \u00c9POCA DE ALMER\u00cdA Ante SAR y SSMM los Reyes de Espa\u00f1a En esta \u00e9poca del Tercio en Almer\u00eda han sido numerosas las ocasiones en las que unidades tipo C\u00eda, Bandera o el Tercio al completo, han rendido honores o desfilado ante SAR el Pr\u00edncipe de Asturias [&hellip;]\" \/>\n<meta property=\"og:url\" content=\"https:\/\/amigosdeltercertercio.com\/web\/curiosidades-y-anecdotas-almeria\/\" \/>\n<meta property=\"article:modified_time\" content=\"2014-04-21T16:43:10+00:00\" \/>\n<meta name=\"twitter:card\" content=\"summary_large_image\" \/>\n<meta name=\"twitter:label1\" content=\"Tiempo de lectura\" \/>\n\t<meta name=\"twitter:data1\" content=\"41 minutos\" \/>\n<script type=\"application\/ld+json\" class=\"yoast-schema-graph\">{\"@context\":\"https:\\\/\\\/schema.org\",\"@graph\":[{\"@type\":\"WebPage\",\"@id\":\"https:\\\/\\\/amigosdeltercertercio.com\\\/web\\\/curiosidades-y-anecdotas-almeria\\\/\",\"url\":\"https:\\\/\\\/amigosdeltercertercio.com\\\/web\\\/curiosidades-y-anecdotas-almeria\\\/\",\"name\":\"Curiosidades y An\u00e9cdotas (Almer\u00eda) -\",\"isPartOf\":{\"@id\":\"https:\\\/\\\/amigosdeltercertercio.com\\\/web\\\/#website\"},\"datePublished\":\"2014-04-20T21:26:23+00:00\",\"dateModified\":\"2014-04-21T16:43:10+00:00\",\"breadcrumb\":{\"@id\":\"https:\\\/\\\/amigosdeltercertercio.com\\\/web\\\/curiosidades-y-anecdotas-almeria\\\/#breadcrumb\"},\"inLanguage\":\"es\",\"potentialAction\":[{\"@type\":\"ReadAction\",\"target\":[\"https:\\\/\\\/amigosdeltercertercio.com\\\/web\\\/curiosidades-y-anecdotas-almeria\\\/\"]}]},{\"@type\":\"BreadcrumbList\",\"@id\":\"https:\\\/\\\/amigosdeltercertercio.com\\\/web\\\/curiosidades-y-anecdotas-almeria\\\/#breadcrumb\",\"itemListElement\":[{\"@type\":\"ListItem\",\"position\":1,\"name\":\"Home\",\"item\":\"https:\\\/\\\/amigosdeltercertercio.com\\\/web\\\/\"},{\"@type\":\"ListItem\",\"position\":2,\"name\":\"Curiosidades y An\u00e9cdotas (Almer\u00eda)\"}]},{\"@type\":\"WebSite\",\"@id\":\"https:\\\/\\\/amigosdeltercertercio.com\\\/web\\\/#website\",\"url\":\"https:\\\/\\\/amigosdeltercertercio.com\\\/web\\\/\",\"name\":\"\",\"description\":\"\",\"potentialAction\":[{\"@type\":\"SearchAction\",\"target\":{\"@type\":\"EntryPoint\",\"urlTemplate\":\"https:\\\/\\\/amigosdeltercertercio.com\\\/web\\\/?s={search_term_string}\"},\"query-input\":{\"@type\":\"PropertyValueSpecification\",\"valueRequired\":true,\"valueName\":\"search_term_string\"}}],\"inLanguage\":\"es\"}]}<\/script>\n<!-- \/ Yoast SEO plugin. -->","yoast_head_json":{"title":"Curiosidades y An\u00e9cdotas (Almer\u00eda) -","robots":{"index":"index","follow":"follow","max-snippet":"max-snippet:-1","max-image-preview":"max-image-preview:large","max-video-preview":"max-video-preview:-1"},"canonical":"https:\/\/amigosdeltercertercio.com\/web\/curiosidades-y-anecdotas-almeria\/","og_locale":"es_ES","og_type":"article","og_title":"Curiosidades y An\u00e9cdotas (Almer\u00eda) -","og_description":"DE ISLE\u00d1O A PENINSULAR: ALMER\u00cdA, 1996-2003 CURIOSIDADES DE LA \u00c9POCA DE ALMER\u00cdA Ante SAR y SSMM los Reyes de Espa\u00f1a En esta \u00e9poca del Tercio en Almer\u00eda han sido numerosas las ocasiones en las que unidades tipo C\u00eda, Bandera o el Tercio al completo, han rendido honores o desfilado ante SAR el Pr\u00edncipe de Asturias [&hellip;]","og_url":"https:\/\/amigosdeltercertercio.com\/web\/curiosidades-y-anecdotas-almeria\/","article_modified_time":"2014-04-21T16:43:10+00:00","twitter_card":"summary_large_image","twitter_misc":{"Tiempo de lectura":"41 minutos"},"schema":{"@context":"https:\/\/schema.org","@graph":[{"@type":"WebPage","@id":"https:\/\/amigosdeltercertercio.com\/web\/curiosidades-y-anecdotas-almeria\/","url":"https:\/\/amigosdeltercertercio.com\/web\/curiosidades-y-anecdotas-almeria\/","name":"Curiosidades y An\u00e9cdotas (Almer\u00eda) -","isPartOf":{"@id":"https:\/\/amigosdeltercertercio.com\/web\/#website"},"datePublished":"2014-04-20T21:26:23+00:00","dateModified":"2014-04-21T16:43:10+00:00","breadcrumb":{"@id":"https:\/\/amigosdeltercertercio.com\/web\/curiosidades-y-anecdotas-almeria\/#breadcrumb"},"inLanguage":"es","potentialAction":[{"@type":"ReadAction","target":["https:\/\/amigosdeltercertercio.com\/web\/curiosidades-y-anecdotas-almeria\/"]}]},{"@type":"BreadcrumbList","@id":"https:\/\/amigosdeltercertercio.com\/web\/curiosidades-y-anecdotas-almeria\/#breadcrumb","itemListElement":[{"@type":"ListItem","position":1,"name":"Home","item":"https:\/\/amigosdeltercertercio.com\/web\/"},{"@type":"ListItem","position":2,"name":"Curiosidades y An\u00e9cdotas (Almer\u00eda)"}]},{"@type":"WebSite","@id":"https:\/\/amigosdeltercertercio.com\/web\/#website","url":"https:\/\/amigosdeltercertercio.com\/web\/","name":"","description":"","potentialAction":[{"@type":"SearchAction","target":{"@type":"EntryPoint","urlTemplate":"https:\/\/amigosdeltercertercio.com\/web\/?s={search_term_string}"},"query-input":{"@type":"PropertyValueSpecification","valueRequired":true,"valueName":"search_term_string"}}],"inLanguage":"es"}]}},"_links":{"self":[{"href":"https:\/\/amigosdeltercertercio.com\/web\/wp-json\/wp\/v2\/pages\/620","targetHints":{"allow":["GET"]}}],"collection":[{"href":"https:\/\/amigosdeltercertercio.com\/web\/wp-json\/wp\/v2\/pages"}],"about":[{"href":"https:\/\/amigosdeltercertercio.com\/web\/wp-json\/wp\/v2\/types\/page"}],"author":[{"embeddable":true,"href":"https:\/\/amigosdeltercertercio.com\/web\/wp-json\/wp\/v2\/users\/1"}],"replies":[{"embeddable":true,"href":"https:\/\/amigosdeltercertercio.com\/web\/wp-json\/wp\/v2\/comments?post=620"}],"version-history":[{"count":2,"href":"https:\/\/amigosdeltercertercio.com\/web\/wp-json\/wp\/v2\/pages\/620\/revisions"}],"predecessor-version":[{"id":712,"href":"https:\/\/amigosdeltercertercio.com\/web\/wp-json\/wp\/v2\/pages\/620\/revisions\/712"}],"wp:attachment":[{"href":"https:\/\/amigosdeltercertercio.com\/web\/wp-json\/wp\/v2\/media?parent=620"}],"curies":[{"name":"wp","href":"https:\/\/api.w.org\/{rel}","templated":true}]}}